{"id":615,"date":"2022-03-18T05:39:05","date_gmt":"2022-03-18T05:39:05","guid":{"rendered":"http:\/\/kiante.wowtheme7.com\/?page_id=615"},"modified":"2024-02-29T16:07:17","modified_gmt":"2024-02-29T20:07:17","slug":"home-one","status":"publish","type":"page","link":"https:\/\/www.foodieandtraveler.com\/","title":{"rendered":"Principal"},"content":{"rendered":"\t\t<div data-elementor-type=\"wp-page\" data-elementor-id=\"615\" class=\"elementor elementor-615\" data-elementor-post-type=\"page\">\n\t\t\t\t<div class=\"elementor-element elementor-element-9226fa8 e-transform e-transform e-transform e-flex e-con-boxed e-con e-parent\" data-id=\"9226fa8\" data-element_type=\"container\" data-e-type=\"container\" data-settings=\"{&quot;_transform_rotateZ_effect&quot;:{&quot;unit&quot;:&quot;px&quot;,&quot;size&quot;:&quot;&quot;,&quot;sizes&quot;:[]},&quot;_transform_rotateZ_effect_tablet&quot;:{&quot;unit&quot;:&quot;deg&quot;,&quot;size&quot;:&quot;&quot;,&quot;sizes&quot;:[]},&quot;_transform_rotateZ_effect_mobile&quot;:{&quot;unit&quot;:&quot;deg&quot;,&quot;size&quot;:&quot;&quot;,&quot;sizes&quot;:[]},&quot;_transform_translateX_effect&quot;:{&quot;unit&quot;:&quot;px&quot;,&quot;size&quot;:&quot;&quot;,&quot;sizes&quot;:[]},&quot;_transform_translateX_effect_tablet&quot;:{&quot;unit&quot;:&quot;px&quot;,&quot;size&quot;:&quot;&quot;,&quot;sizes&quot;:[]},&quot;_transform_translateX_effect_mobile&quot;:{&quot;unit&quot;:&quot;px&quot;,&quot;size&quot;:&quot;&quot;,&quot;sizes&quot;:[]},&quot;_transform_translateY_effect&quot;:{&quot;unit&quot;:&quot;px&quot;,&quot;size&quot;:&quot;&quot;,&quot;sizes&quot;:[]},&quot;_transform_translateY_effect_tablet&quot;:{&quot;unit&quot;:&quot;px&quot;,&quot;size&quot;:&quot;&quot;,&quot;sizes&quot;:[]},&quot;_transform_translateY_effect_mobile&quot;:{&quot;unit&quot;:&quot;px&quot;,&quot;size&quot;:&quot;&quot;,&quot;sizes&quot;:[]},&quot;_transform_scale_effect&quot;:{&quot;unit&quot;:&quot;px&quot;,&quot;size&quot;:&quot;&quot;,&quot;sizes&quot;:[]},&quot;_transform_scale_effect_tablet&quot;:{&quot;unit&quot;:&quot;px&quot;,&quot;size&quot;:&quot;&quot;,&quot;sizes&quot;:[]},&quot;_transform_scale_effect_mobile&quot;:{&quot;unit&quot;:&quot;px&quot;,&quot;size&quot;:&quot;&quot;,&quot;sizes&quot;:[]}}\">\n\t\t\t\t\t<div class=\"e-con-inner\">\n\t\t\t\t<div class=\"elementor-element elementor-element-80a1791 elementor-widget elementor-widget-shortcode\" data-id=\"80a1791\" data-element_type=\"widget\" data-e-type=\"widget\" data-widget_type=\"shortcode.default\">\n\t\t\t\t<div class=\"elementor-widget-container\">\n\t\t\t\t\t\t\t<div class=\"elementor-shortcode\"><div id=\"foodi-4000979310\" style=\"margin-top: 10px;margin-left: auto;margin-right: auto;text-align: center;\"><a data-no-instant=\"1\" href=\"https:\/\/www.mitur.gob.do\/\" rel=\"noopener\" class=\"a2t-link\" target=\"_blank\" aria-label=\"728&#215;90 01\"><img fetchpriority=\"high\" decoding=\"async\" src=\"https:\/\/www.foodieandtraveler.com\/wp-content\/uploads\/2023\/11\/728x90-01.jpg\" alt=\"\"  srcset=\"https:\/\/www.foodieandtraveler.com\/wp-content\/uploads\/2023\/11\/728x90-01.jpg 728w, https:\/\/www.foodieandtraveler.com\/wp-content\/uploads\/2023\/11\/728x90-01-300x37.jpg 300w\" sizes=\"(max-width: 728px) 100vw, 728px\" width=\"728\" height=\"90\"  style=\"display: inline-block;\" \/><\/a><\/div><\/div>\n\t\t\t\t\t\t<\/div>\n\t\t\t\t<\/div>\n\t\t\t\t\t<\/div>\n\t\t\t\t<\/div>\n\t\t\t\t<section class=\"elementor-section elementor-top-section elementor-element elementor-element-99e923c elementor-section-height-min-height elementor-section-boxed elementor-section-height-default elementor-section-items-middle\" data-id=\"99e923c\" data-element_type=\"section\" data-e-type=\"section\" data-settings=\"{&quot;animation&quot;:&quot;none&quot;}\">\n\t\t\t\t\t\t\t<div class=\"elementor-background-overlay\"><\/div>\n\t\t\t\t\t\t\t<div class=\"elementor-container elementor-column-gap-default\">\n\t\t\t\t\t<div class=\"elementor-column elementor-col-100 elementor-top-column elementor-element elementor-element-a7d5352\" data-id=\"a7d5352\" data-element_type=\"column\" data-e-type=\"column\">\n\t\t\t<div class=\"elementor-widget-wrap elementor-element-populated\">\n\t\t\t\t\t\t<div class=\"elementor-element elementor-element-c81afea elementor-widget elementor-widget-htmega-postcarousel-addons\" data-id=\"c81afea\" data-element_type=\"widget\" data-e-type=\"widget\" data-settings=\"{&quot;carousel_post_type&quot;:&quot;post&quot;}\" data-widget_type=\"htmega-postcarousel-addons.default\">\n\t\t\t\t<div class=\"elementor-widget-container\">\n\t\t\t\t\t            <div class=\"post-carousel-wrapper htmega-postcarousel-layout-3 htmega-verticle-center-arrow sidc81afea\">\n                <div dir=\"ltr\" class=\"htmega-carousel-activation\" data-settings=\"{&quot;sectionid&quot;:&quot;sidc81afea&quot;,&quot;arrows&quot;:true,&quot;arrow_prev_txt&quot;:&quot;&lt;svg aria-hidden=\\&quot;true\\&quot; class=\\&quot;e-font-icon-svg e-fas-angle-left\\&quot; viewBox=\\&quot;0 0 256 512\\&quot; xmlns=\\&quot;http:\\\/\\\/www.w3.org\\\/2000\\\/svg\\&quot;&gt;&lt;path d=\\&quot;M31.7 239l136-136c9.4-9.4 24.6-9.4 33.9 0l22.6 22.6c9.4 9.4 9.4 24.6 0 33.9L127.9 256l96.4 96.4c9.4 9.4 9.4 24.6 0 33.9L201.7 409c-9.4 9.4-24.6 9.4-33.9 0l-136-136c-9.5-9.4-9.5-24.6-.1-34z\\&quot;&gt;&lt;\\\/path&gt;&lt;\\\/svg&gt;&quot;,&quot;arrow_next_txt&quot;:&quot;&lt;svg aria-hidden=\\&quot;true\\&quot; class=\\&quot;e-font-icon-svg e-fas-angle-right\\&quot; viewBox=\\&quot;0 0 256 512\\&quot; xmlns=\\&quot;http:\\\/\\\/www.w3.org\\\/2000\\\/svg\\&quot;&gt;&lt;path d=\\&quot;M224.3 273l-136 136c-9.4 9.4-24.6 9.4-33.9 0l-22.6-22.6c-9.4-9.4-9.4-24.6 0-33.9l96.4-96.4-96.4-96.4c-9.4-9.4-9.4-24.6 0-33.9L54.3 103c9.4-9.4 24.6-9.4 33.9 0l136 136c9.5 9.4 9.5 24.6.1 34z\\&quot;&gt;&lt;\\\/path&gt;&lt;\\\/svg&gt;&quot;,&quot;dots&quot;:false,&quot;autoplay&quot;:true,&quot;autoplay_speed&quot;:3000,&quot;animation_speed&quot;:300,&quot;slloop&quot;:true,&quot;pause_on_hover&quot;:true,&quot;center_mode&quot;:false,&quot;center_padding&quot;:0,&quot;equal_height_column&quot;:true,&quot;equal_height_column_class&quot;:&quot;.post-inner&quot;,&quot;display_columns&quot;:4,&quot;scroll_columns&quot;:1,&quot;tablet_width&quot;:750,&quot;tablet_display_columns&quot;:1,&quot;tablet_scroll_columns&quot;:1,&quot;mobile_width&quot;:480,&quot;mobile_display_columns&quot;:1,&quot;mobile_scroll_columns&quot;:1}\" style=\"display:none;\">\n\n                    \n                                                    <div class=\"htmega-single-post-slide htmega-postslider-layout-3\" >\n                                <div class=\"thumb\">\n                                    <a href=\"https:\/\/www.foodieandtraveler.com\/index.php\/punta-cana-recibe-el-inicio-de-restaurant-week-2026-y-la-ruta-culinaria-nacional\/\"><img decoding=\"async\" width=\"1536\" height=\"1024\" src=\"https:\/\/www.foodieandtraveler.com\/wp-content\/uploads\/2026\/09\/Cocina-dominicana-sancocho-mofongo-pescado-frito-playa-beach-Restaurant-Week-2026-Punta-Cana.jpg\" class=\"attachment-full size-full wp-post-image\" alt=\"\" srcset=\"https:\/\/www.foodieandtraveler.com\/wp-content\/uploads\/2026\/09\/Cocina-dominicana-sancocho-mofongo-pescado-frito-playa-beach-Restaurant-Week-2026-Punta-Cana.jpg 1536w, https:\/\/www.foodieandtraveler.com\/wp-content\/uploads\/2026\/09\/Cocina-dominicana-sancocho-mofongo-pescado-frito-playa-beach-Restaurant-Week-2026-Punta-Cana-300x200.jpg 300w, https:\/\/www.foodieandtraveler.com\/wp-content\/uploads\/2026\/09\/Cocina-dominicana-sancocho-mofongo-pescado-frito-playa-beach-Restaurant-Week-2026-Punta-Cana-1024x683.jpg 1024w, https:\/\/www.foodieandtraveler.com\/wp-content\/uploads\/2026\/09\/Cocina-dominicana-sancocho-mofongo-pescado-frito-playa-beach-Restaurant-Week-2026-Punta-Cana-768x512.jpg 768w\" sizes=\"(max-width: 1536px) 100vw, 1536px\" \/><\/a>\n                                <\/div>\n                                            <div class=\"content \">\n                <div class=\"post-inner\">\n                    \n                    \n                                                <h2><a href=\"https:\/\/www.foodieandtraveler.com\/index.php\/punta-cana-recibe-el-inicio-de-restaurant-week-2026-y-la-ruta-culinaria-nacional\/\">Punta Cana recibe el inicio de Restaurant Week 2026 y la ruta culinaria nacional<\/a><\/h2>\n                        \n                                                    <ul class=\"meta\">\n                                                                            <li><i class=\"fa fa-clock-o\"><\/i>02 septiembre 2026<\/li>\n                                                                    <\/ul>\n\n                    \n                    \n                    \n                    \n                <\/div>\n            <\/div>\n                                    <\/div>\n                        \n                        \n                                                    <div class=\"htmega-single-post-slide htmega-postslider-layout-3\" >\n                                <div class=\"thumb\">\n                                    <a href=\"https:\/\/www.foodieandtraveler.com\/index.php\/tiempo-espacio-y-silencio-las-nuevas-prioridades-del-viajero-de-lujo\/\"><img decoding=\"async\" width=\"2020\" height=\"1326\" src=\"https:\/\/www.foodieandtraveler.com\/wp-content\/uploads\/2026\/09\/Solo-para-sibaritas-lo-que-busca-el-viajero-moderno-lujo-tiempo-experiencias.jpg\" class=\"attachment-full size-full wp-post-image\" alt=\"\" srcset=\"https:\/\/www.foodieandtraveler.com\/wp-content\/uploads\/2026\/09\/Solo-para-sibaritas-lo-que-busca-el-viajero-moderno-lujo-tiempo-experiencias.jpg 2020w, https:\/\/www.foodieandtraveler.com\/wp-content\/uploads\/2026\/09\/Solo-para-sibaritas-lo-que-busca-el-viajero-moderno-lujo-tiempo-experiencias-300x197.jpg 300w, https:\/\/www.foodieandtraveler.com\/wp-content\/uploads\/2026\/09\/Solo-para-sibaritas-lo-que-busca-el-viajero-moderno-lujo-tiempo-experiencias-1024x672.jpg 1024w, https:\/\/www.foodieandtraveler.com\/wp-content\/uploads\/2026\/09\/Solo-para-sibaritas-lo-que-busca-el-viajero-moderno-lujo-tiempo-experiencias-768x504.jpg 768w, https:\/\/www.foodieandtraveler.com\/wp-content\/uploads\/2026\/09\/Solo-para-sibaritas-lo-que-busca-el-viajero-moderno-lujo-tiempo-experiencias-1536x1008.jpg 1536w\" sizes=\"(max-width: 2020px) 100vw, 2020px\" \/><\/a>\n                                <\/div>\n                                            <div class=\"content \">\n                <div class=\"post-inner\">\n                    \n                    \n                                                <h2><a href=\"https:\/\/www.foodieandtraveler.com\/index.php\/tiempo-espacio-y-silencio-las-nuevas-prioridades-del-viajero-de-lujo\/\">Tiempo, espacio y silencio: las nuevas prioridades del viajero de lujo<\/a><\/h2>\n                        \n                                                    <ul class=\"meta\">\n                                                                            <li><i class=\"fa fa-clock-o\"><\/i>02 septiembre 2026<\/li>\n                                                                    <\/ul>\n\n                    \n                    \n                    \n                    \n                <\/div>\n            <\/div>\n                                    <\/div>\n                        \n                        \n                                                    <div class=\"htmega-single-post-slide htmega-postslider-layout-3\" >\n                                <div class=\"thumb\">\n                                    <a href=\"https:\/\/www.foodieandtraveler.com\/index.php\/madrid-se-convierte-en-un-circuito-de-cocteleria-gracias-al-hotel-fenix-gran-melia-y-la-formula-1\/\"><img loading=\"lazy\" decoding=\"async\" width=\"1116\" height=\"960\" src=\"https:\/\/www.foodieandtraveler.com\/wp-content\/uploads\/2026\/09\/Balmorals-Grid-Image-Visual-1.jpeg\" class=\"attachment-full size-full wp-post-image\" alt=\"\" srcset=\"https:\/\/www.foodieandtraveler.com\/wp-content\/uploads\/2026\/09\/Balmorals-Grid-Image-Visual-1.jpeg 1116w, https:\/\/www.foodieandtraveler.com\/wp-content\/uploads\/2026\/09\/Balmorals-Grid-Image-Visual-1-300x258.jpeg 300w, https:\/\/www.foodieandtraveler.com\/wp-content\/uploads\/2026\/09\/Balmorals-Grid-Image-Visual-1-1024x881.jpeg 1024w, https:\/\/www.foodieandtraveler.com\/wp-content\/uploads\/2026\/09\/Balmorals-Grid-Image-Visual-1-768x661.jpeg 768w\" sizes=\"(max-width: 1116px) 100vw, 1116px\" \/><\/a>\n                                <\/div>\n                                            <div class=\"content \">\n                <div class=\"post-inner\">\n                    \n                    \n                                                <h2><a href=\"https:\/\/www.foodieandtraveler.com\/index.php\/madrid-se-convierte-en-un-circuito-de-cocteleria-gracias-al-hotel-fenix-gran-melia-y-la-formula-1\/\">Madrid se convierte en un circuito de cocteler\u00eda gracias al Hotel F\u00e9nix Gran Meli\u00e1 y la F\u00f3rmula 1<\/a><\/h2>\n                        \n                                                    <ul class=\"meta\">\n                                                                            <li><i class=\"fa fa-clock-o\"><\/i>02 septiembre 2026<\/li>\n                                                                    <\/ul>\n\n                    \n                    \n                    \n                    \n                <\/div>\n            <\/div>\n                                    <\/div>\n                        \n                        \n                                                    <div class=\"htmega-single-post-slide htmega-postslider-layout-3\" >\n                                <div class=\"thumb\">\n                                    <a href=\"https:\/\/www.foodieandtraveler.com\/index.php\/air-europa-anuncia-avances-significativos-en-air-europa-on-con-beneficios-para-pasajeros\/\"><img loading=\"lazy\" decoding=\"async\" width=\"2560\" height=\"1709\" src=\"https:\/\/www.foodieandtraveler.com\/wp-content\/uploads\/2026\/09\/Dreamliner-Take-Off-Air-Europa-Air-Europa-ON-scaled.jpeg\" class=\"attachment-full size-full wp-post-image\" alt=\"\" srcset=\"https:\/\/www.foodieandtraveler.com\/wp-content\/uploads\/2026\/09\/Dreamliner-Take-Off-Air-Europa-Air-Europa-ON-scaled.jpeg 2560w, https:\/\/www.foodieandtraveler.com\/wp-content\/uploads\/2026\/09\/Dreamliner-Take-Off-Air-Europa-Air-Europa-ON-300x200.jpeg 300w, https:\/\/www.foodieandtraveler.com\/wp-content\/uploads\/2026\/09\/Dreamliner-Take-Off-Air-Europa-Air-Europa-ON-1024x684.jpeg 1024w, https:\/\/www.foodieandtraveler.com\/wp-content\/uploads\/2026\/09\/Dreamliner-Take-Off-Air-Europa-Air-Europa-ON-768x513.jpeg 768w, https:\/\/www.foodieandtraveler.com\/wp-content\/uploads\/2026\/09\/Dreamliner-Take-Off-Air-Europa-Air-Europa-ON-1536x1025.jpeg 1536w, https:\/\/www.foodieandtraveler.com\/wp-content\/uploads\/2026\/09\/Dreamliner-Take-Off-Air-Europa-Air-Europa-ON-2048x1367.jpeg 2048w\" sizes=\"(max-width: 2560px) 100vw, 2560px\" \/><\/a>\n                                <\/div>\n                                            <div class=\"content \">\n                <div class=\"post-inner\">\n                    \n                    \n                                                <h2><a href=\"https:\/\/www.foodieandtraveler.com\/index.php\/air-europa-anuncia-avances-significativos-en-air-europa-on-con-beneficios-para-pasajeros\/\">Air Europa anuncia avances significativos en Air Europa ON con beneficios para pasajeros<\/a><\/h2>\n                        \n                                                    <ul class=\"meta\">\n                                                                            <li><i class=\"fa fa-clock-o\"><\/i>02 septiembre 2026<\/li>\n                                                                    <\/ul>\n\n                    \n                    \n                    \n                    \n                <\/div>\n            <\/div>\n                                    <\/div>\n                        \n                        \n                                                    <div class=\"htmega-single-post-slide htmega-postslider-layout-3\" >\n                                <div class=\"thumb\">\n                                    <a href=\"https:\/\/www.foodieandtraveler.com\/index.php\/el-auge-de-lideres-en-linkedin-exige-a-las-empresas-mayor-atencion-a-su-imagen-digital\/\"><img loading=\"lazy\" decoding=\"async\" width=\"1537\" height=\"1023\" src=\"https:\/\/www.foodieandtraveler.com\/wp-content\/uploads\/2026\/09\/Creciente-influencia-de-lideres-en-LinkedIn-exige-mayor-atencion-de-las-empresas-a-su-reputacion-digital.jpg\" class=\"attachment-full size-full wp-post-image\" alt=\"\" srcset=\"https:\/\/www.foodieandtraveler.com\/wp-content\/uploads\/2026\/09\/Creciente-influencia-de-lideres-en-LinkedIn-exige-mayor-atencion-de-las-empresas-a-su-reputacion-digital.jpg 1537w, https:\/\/www.foodieandtraveler.com\/wp-content\/uploads\/2026\/09\/Creciente-influencia-de-lideres-en-LinkedIn-exige-mayor-atencion-de-las-empresas-a-su-reputacion-digital-300x200.jpg 300w, https:\/\/www.foodieandtraveler.com\/wp-content\/uploads\/2026\/09\/Creciente-influencia-de-lideres-en-LinkedIn-exige-mayor-atencion-de-las-empresas-a-su-reputacion-digital-1024x682.jpg 1024w, https:\/\/www.foodieandtraveler.com\/wp-content\/uploads\/2026\/09\/Creciente-influencia-de-lideres-en-LinkedIn-exige-mayor-atencion-de-las-empresas-a-su-reputacion-digital-768x511.jpg 768w\" sizes=\"(max-width: 1537px) 100vw, 1537px\" \/><\/a>\n                                <\/div>\n                                            <div class=\"content \">\n                <div class=\"post-inner\">\n                    \n                    \n                                                <h2><a href=\"https:\/\/www.foodieandtraveler.com\/index.php\/el-auge-de-lideres-en-linkedin-exige-a-las-empresas-mayor-atencion-a-su-imagen-digital\/\">El auge de l\u00edderes en LinkedIn exige a las empresas mayor atenci\u00f3n a su imagen digital<\/a><\/h2>\n                        \n                                                    <ul class=\"meta\">\n                                                                            <li><i class=\"fa fa-clock-o\"><\/i>01 septiembre 2026<\/li>\n                                                                    <\/ul>\n\n                    \n                    \n                    \n                    \n                <\/div>\n            <\/div>\n                                    <\/div>\n                        \n                        \n                                                    <div class=\"htmega-single-post-slide htmega-postslider-layout-3\" >\n                                <div class=\"thumb\">\n                                    <a href=\"https:\/\/www.foodieandtraveler.com\/index.php\/blu-terrenas-impulsa-la-educacion-con-la-entrega-anual-de-utiles-escolares-por-quinto-ano\/\"><img loading=\"lazy\" decoding=\"async\" width=\"1536\" height=\"1024\" src=\"https:\/\/www.foodieandtraveler.com\/wp-content\/uploads\/2026\/09\/Por-quinto-ano-consecutivo-Blu-Terrenas-impulsa-la-educacion-con-la-entrega-de-utiles-escolares.jpg\" class=\"attachment-full size-full wp-post-image\" alt=\"\" srcset=\"https:\/\/www.foodieandtraveler.com\/wp-content\/uploads\/2026\/09\/Por-quinto-ano-consecutivo-Blu-Terrenas-impulsa-la-educacion-con-la-entrega-de-utiles-escolares.jpg 1536w, https:\/\/www.foodieandtraveler.com\/wp-content\/uploads\/2026\/09\/Por-quinto-ano-consecutivo-Blu-Terrenas-impulsa-la-educacion-con-la-entrega-de-utiles-escolares-300x200.jpg 300w, https:\/\/www.foodieandtraveler.com\/wp-content\/uploads\/2026\/09\/Por-quinto-ano-consecutivo-Blu-Terrenas-impulsa-la-educacion-con-la-entrega-de-utiles-escolares-1024x683.jpg 1024w, https:\/\/www.foodieandtraveler.com\/wp-content\/uploads\/2026\/09\/Por-quinto-ano-consecutivo-Blu-Terrenas-impulsa-la-educacion-con-la-entrega-de-utiles-escolares-768x512.jpg 768w\" sizes=\"(max-width: 1536px) 100vw, 1536px\" \/><\/a>\n                                <\/div>\n                                            <div class=\"content \">\n                <div class=\"post-inner\">\n                    \n                    \n                                                <h2><a href=\"https:\/\/www.foodieandtraveler.com\/index.php\/blu-terrenas-impulsa-la-educacion-con-la-entrega-anual-de-utiles-escolares-por-quinto-ano\/\">Blu Terrenas impulsa la educaci\u00f3n con la entrega anual de \u00fatiles escolares por quinto a\u00f1o<\/a><\/h2>\n                        \n                                                    <ul class=\"meta\">\n                                                                            <li><i class=\"fa fa-clock-o\"><\/i>01 septiembre 2026<\/li>\n                                                                    <\/ul>\n\n                    \n                    \n                    \n                    \n                <\/div>\n            <\/div>\n                                    <\/div>\n                        \n                        \n                                                    <div class=\"htmega-single-post-slide htmega-postslider-layout-3\" >\n                                <div class=\"thumb\">\n                                    <a href=\"https:\/\/www.foodieandtraveler.com\/index.php\/amplian-la-oferta-inmobiliaria-de-punta-bergantin-con-villas-hacienda-serena-y-apartamentos-velavento\/\"><img loading=\"lazy\" decoding=\"async\" width=\"2560\" height=\"1703\" src=\"https:\/\/www.foodieandtraveler.com\/wp-content\/uploads\/2026\/09\/Villas-Hacienda-Serena-y-Apartamentos-Velavento-amplian-la-oferta-inmobiliaria-de-Punta-Bergantin.jpeg\" class=\"attachment-full size-full wp-post-image\" alt=\"\" srcset=\"https:\/\/www.foodieandtraveler.com\/wp-content\/uploads\/2026\/09\/Villas-Hacienda-Serena-y-Apartamentos-Velavento-amplian-la-oferta-inmobiliaria-de-Punta-Bergantin.jpeg 2560w, https:\/\/www.foodieandtraveler.com\/wp-content\/uploads\/2026\/09\/Villas-Hacienda-Serena-y-Apartamentos-Velavento-amplian-la-oferta-inmobiliaria-de-Punta-Bergantin-300x200.jpeg 300w, https:\/\/www.foodieandtraveler.com\/wp-content\/uploads\/2026\/09\/Villas-Hacienda-Serena-y-Apartamentos-Velavento-amplian-la-oferta-inmobiliaria-de-Punta-Bergantin-1024x681.jpeg 1024w, https:\/\/www.foodieandtraveler.com\/wp-content\/uploads\/2026\/09\/Villas-Hacienda-Serena-y-Apartamentos-Velavento-amplian-la-oferta-inmobiliaria-de-Punta-Bergantin-768x511.jpeg 768w, https:\/\/www.foodieandtraveler.com\/wp-content\/uploads\/2026\/09\/Villas-Hacienda-Serena-y-Apartamentos-Velavento-amplian-la-oferta-inmobiliaria-de-Punta-Bergantin-1536x1022.jpeg 1536w, https:\/\/www.foodieandtraveler.com\/wp-content\/uploads\/2026\/09\/Villas-Hacienda-Serena-y-Apartamentos-Velavento-amplian-la-oferta-inmobiliaria-de-Punta-Bergantin-2048x1362.jpeg 2048w\" sizes=\"(max-width: 2560px) 100vw, 2560px\" \/><\/a>\n                                <\/div>\n                                            <div class=\"content \">\n                <div class=\"post-inner\">\n                    \n                    \n                                                <h2><a href=\"https:\/\/www.foodieandtraveler.com\/index.php\/amplian-la-oferta-inmobiliaria-de-punta-bergantin-con-villas-hacienda-serena-y-apartamentos-velavento\/\">Ampl\u00edan la oferta inmobiliaria de Punta Bergant\u00edn con Villas Hacienda Serena y Apartamentos Velavento<\/a><\/h2>\n                        \n                                                    <ul class=\"meta\">\n                                                                            <li><i class=\"fa fa-clock-o\"><\/i>01 septiembre 2026<\/li>\n                                                                    <\/ul>\n\n                    \n                    \n                    \n                    \n                <\/div>\n            <\/div>\n                                    <\/div>\n                        \n                        \n                                                    <div class=\"htmega-single-post-slide htmega-postslider-layout-3\" >\n                                <div class=\"thumb\">\n                                    <a href=\"https:\/\/www.foodieandtraveler.com\/index.php\/hosteleria-summit-2026-se-renueva-para-impulsar-la-conexion-entre-gastronomia-hoteleria-innovacion-y-negocios\/\"><img loading=\"lazy\" decoding=\"async\" width=\"2560\" height=\"1707\" src=\"https:\/\/www.foodieandtraveler.com\/wp-content\/uploads\/2026\/09\/Hosteleria-Summit-2026-regresa-renovado-para-conectar-gastronomia-hoteleria-innovacion-y-negocios-scaled.jpeg\" class=\"attachment-full size-full wp-post-image\" alt=\"\" srcset=\"https:\/\/www.foodieandtraveler.com\/wp-content\/uploads\/2026\/09\/Hosteleria-Summit-2026-regresa-renovado-para-conectar-gastronomia-hoteleria-innovacion-y-negocios-scaled.jpeg 2560w, https:\/\/www.foodieandtraveler.com\/wp-content\/uploads\/2026\/09\/Hosteleria-Summit-2026-regresa-renovado-para-conectar-gastronomia-hoteleria-innovacion-y-negocios-300x200.jpeg 300w, https:\/\/www.foodieandtraveler.com\/wp-content\/uploads\/2026\/09\/Hosteleria-Summit-2026-regresa-renovado-para-conectar-gastronomia-hoteleria-innovacion-y-negocios-1024x683.jpeg 1024w, https:\/\/www.foodieandtraveler.com\/wp-content\/uploads\/2026\/09\/Hosteleria-Summit-2026-regresa-renovado-para-conectar-gastronomia-hoteleria-innovacion-y-negocios-768x512.jpeg 768w, https:\/\/www.foodieandtraveler.com\/wp-content\/uploads\/2026\/09\/Hosteleria-Summit-2026-regresa-renovado-para-conectar-gastronomia-hoteleria-innovacion-y-negocios-1536x1024.jpeg 1536w, https:\/\/www.foodieandtraveler.com\/wp-content\/uploads\/2026\/09\/Hosteleria-Summit-2026-regresa-renovado-para-conectar-gastronomia-hoteleria-innovacion-y-negocios-2048x1365.jpeg 2048w\" sizes=\"(max-width: 2560px) 100vw, 2560px\" \/><\/a>\n                                <\/div>\n                                            <div class=\"content \">\n                <div class=\"post-inner\">\n                    \n                    \n                                                <h2><a href=\"https:\/\/www.foodieandtraveler.com\/index.php\/hosteleria-summit-2026-se-renueva-para-impulsar-la-conexion-entre-gastronomia-hoteleria-innovacion-y-negocios\/\">Hosteler\u00eda Summit 2026 se renueva para impulsar la conexi\u00f3n entre gastronom\u00eda, hoteler\u00eda, innovaci\u00f3n y negocios<\/a><\/h2>\n                        \n                                                    <ul class=\"meta\">\n                                                                            <li><i class=\"fa fa-clock-o\"><\/i>01 septiembre 2026<\/li>\n                                                                    <\/ul>\n\n                    \n                    \n                    \n                    \n                <\/div>\n            <\/div>\n                                    <\/div>\n                        \n                        \n                                                    <div class=\"htmega-single-post-slide htmega-postslider-layout-3\" >\n                                <div class=\"thumb\">\n                                    <a href=\"https:\/\/www.foodieandtraveler.com\/index.php\/descubre-los-sabores-del-pais-restaurant-week-2026-inaugura-el-mes-de-la-gastronomia\/\"><img loading=\"lazy\" decoding=\"async\" width=\"2560\" height=\"1706\" src=\"https:\/\/www.foodieandtraveler.com\/wp-content\/uploads\/2026\/08\/Descubre-los-sabores-del-pais-Restaurant-Week-2026-inaugura-el-Mes-de-la-Gastronomia-scaled.jpeg\" class=\"attachment-full size-full wp-post-image\" alt=\"\" srcset=\"https:\/\/www.foodieandtraveler.com\/wp-content\/uploads\/2026\/08\/Descubre-los-sabores-del-pais-Restaurant-Week-2026-inaugura-el-Mes-de-la-Gastronomia-scaled.jpeg 2560w, https:\/\/www.foodieandtraveler.com\/wp-content\/uploads\/2026\/08\/Descubre-los-sabores-del-pais-Restaurant-Week-2026-inaugura-el-Mes-de-la-Gastronomia-300x200.jpeg 300w, https:\/\/www.foodieandtraveler.com\/wp-content\/uploads\/2026\/08\/Descubre-los-sabores-del-pais-Restaurant-Week-2026-inaugura-el-Mes-de-la-Gastronomia-1024x683.jpeg 1024w, https:\/\/www.foodieandtraveler.com\/wp-content\/uploads\/2026\/08\/Descubre-los-sabores-del-pais-Restaurant-Week-2026-inaugura-el-Mes-de-la-Gastronomia-768x512.jpeg 768w, https:\/\/www.foodieandtraveler.com\/wp-content\/uploads\/2026\/08\/Descubre-los-sabores-del-pais-Restaurant-Week-2026-inaugura-el-Mes-de-la-Gastronomia-1536x1024.jpeg 1536w, https:\/\/www.foodieandtraveler.com\/wp-content\/uploads\/2026\/08\/Descubre-los-sabores-del-pais-Restaurant-Week-2026-inaugura-el-Mes-de-la-Gastronomia-2048x1365.jpeg 2048w\" sizes=\"(max-width: 2560px) 100vw, 2560px\" \/><\/a>\n                                <\/div>\n                                            <div class=\"content \">\n                <div class=\"post-inner\">\n                    \n                    \n                                                <h2><a href=\"https:\/\/www.foodieandtraveler.com\/index.php\/descubre-los-sabores-del-pais-restaurant-week-2026-inaugura-el-mes-de-la-gastronomia\/\">Descubre los sabores del pa\u00eds: Restaurant Week 2026 inaugura el Mes de la Gastronom\u00eda<\/a><\/h2>\n                        \n                                                    <ul class=\"meta\">\n                                                                            <li><i class=\"fa fa-clock-o\"><\/i>26 agosto 2026<\/li>\n                                                                    <\/ul>\n\n                    \n                    \n                    \n                    \n                <\/div>\n            <\/div>\n                                    <\/div>\n                        \n                        \n                                                    <div class=\"htmega-single-post-slide htmega-postslider-layout-3\" >\n                                <div class=\"thumb\">\n                                    <a href=\"https:\/\/www.foodieandtraveler.com\/index.php\/comienza-la-restauracion-de-casa-aybar-en-ciudad-colonial-bajo-el-liderazgo-de-david-collado\/\"><img loading=\"lazy\" decoding=\"async\" width=\"1179\" height=\"790\" src=\"https:\/\/www.foodieandtraveler.com\/wp-content\/uploads\/2026\/08\/El-ministro-de-Turismo-David-Collado-dejo-iniciados-este-martes-los-trabajos-de-restauracion-de-Casa-Aybar-en-la-Ciudad-Colonial-con-una-inversion-de-RD-102288093.jpeg\" class=\"attachment-full size-full wp-post-image\" alt=\"\" srcset=\"https:\/\/www.foodieandtraveler.com\/wp-content\/uploads\/2026\/08\/El-ministro-de-Turismo-David-Collado-dejo-iniciados-este-martes-los-trabajos-de-restauracion-de-Casa-Aybar-en-la-Ciudad-Colonial-con-una-inversion-de-RD-102288093.jpeg 1179w, https:\/\/www.foodieandtraveler.com\/wp-content\/uploads\/2026\/08\/El-ministro-de-Turismo-David-Collado-dejo-iniciados-este-martes-los-trabajos-de-restauracion-de-Casa-Aybar-en-la-Ciudad-Colonial-con-una-inversion-de-RD-102288093-300x201.jpeg 300w, https:\/\/www.foodieandtraveler.com\/wp-content\/uploads\/2026\/08\/El-ministro-de-Turismo-David-Collado-dejo-iniciados-este-martes-los-trabajos-de-restauracion-de-Casa-Aybar-en-la-Ciudad-Colonial-con-una-inversion-de-RD-102288093-1024x686.jpeg 1024w, https:\/\/www.foodieandtraveler.com\/wp-content\/uploads\/2026\/08\/El-ministro-de-Turismo-David-Collado-dejo-iniciados-este-martes-los-trabajos-de-restauracion-de-Casa-Aybar-en-la-Ciudad-Colonial-con-una-inversion-de-RD-102288093-768x515.jpeg 768w\" sizes=\"(max-width: 1179px) 100vw, 1179px\" \/><\/a>\n                                <\/div>\n                                            <div class=\"content \">\n                <div class=\"post-inner\">\n                    \n                    \n                                                <h2><a href=\"https:\/\/www.foodieandtraveler.com\/index.php\/comienza-la-restauracion-de-casa-aybar-en-ciudad-colonial-bajo-el-liderazgo-de-david-collado\/\">Comienza la restauraci\u00f3n de Casa Aybar en Ciudad Colonial bajo el liderazgo de David Collado<\/a><\/h2>\n                        \n                                                    <ul class=\"meta\">\n                                                                            <li><i class=\"fa fa-clock-o\"><\/i>26 agosto 2026<\/li>\n                                                                    <\/ul>\n\n                    \n                    \n                    \n                    \n                <\/div>\n            <\/div>\n                                    <\/div>\n                        \n                        \n                                                    <div class=\"htmega-single-post-slide htmega-postslider-layout-3\" >\n                                <div class=\"thumb\">\n                                    <a href=\"https:\/\/www.foodieandtraveler.com\/index.php\/turismo-y-rd-vial-unen-esfuerzos-para-implementar-senaletica-turistica-a-nivel-nacional\/\"><img loading=\"lazy\" decoding=\"async\" width=\"1512\" height=\"1040\" src=\"https:\/\/www.foodieandtraveler.com\/wp-content\/uploads\/2026\/08\/Presentacion-del-Plan-Nacional-de-Senaletica-Vial-Turistica.jpg\" class=\"attachment-full size-full wp-post-image\" alt=\"\" srcset=\"https:\/\/www.foodieandtraveler.com\/wp-content\/uploads\/2026\/08\/Presentacion-del-Plan-Nacional-de-Senaletica-Vial-Turistica.jpg 1512w, https:\/\/www.foodieandtraveler.com\/wp-content\/uploads\/2026\/08\/Presentacion-del-Plan-Nacional-de-Senaletica-Vial-Turistica-300x206.jpg 300w, https:\/\/www.foodieandtraveler.com\/wp-content\/uploads\/2026\/08\/Presentacion-del-Plan-Nacional-de-Senaletica-Vial-Turistica-1024x704.jpg 1024w, https:\/\/www.foodieandtraveler.com\/wp-content\/uploads\/2026\/08\/Presentacion-del-Plan-Nacional-de-Senaletica-Vial-Turistica-768x528.jpg 768w\" sizes=\"(max-width: 1512px) 100vw, 1512px\" \/><\/a>\n                                <\/div>\n                                            <div class=\"content \">\n                <div class=\"post-inner\">\n                    \n                    \n                                                <h2><a href=\"https:\/\/www.foodieandtraveler.com\/index.php\/turismo-y-rd-vial-unen-esfuerzos-para-implementar-senaletica-turistica-a-nivel-nacional\/\">Turismo y RD Vial unen esfuerzos para implementar se\u00f1al\u00e9tica tur\u00edstica a nivel nacional<\/a><\/h2>\n                        \n                                                    <ul class=\"meta\">\n                                                                            <li><i class=\"fa fa-clock-o\"><\/i>26 agosto 2026<\/li>\n                                                                    <\/ul>\n\n                    \n                    \n                    \n                    \n                <\/div>\n            <\/div>\n                                    <\/div>\n                        \n                        \n                                                    <div class=\"htmega-single-post-slide htmega-postslider-layout-3\" >\n                                <div class=\"thumb\">\n                                    <a href=\"https:\/\/www.foodieandtraveler.com\/index.php\/viajes-logitur-expande-su-presencia-en-la-zona-norte-con-oficina-en-santiago\/\"><img loading=\"lazy\" decoding=\"async\" width=\"1536\" height=\"1024\" src=\"https:\/\/www.foodieandtraveler.com\/wp-content\/uploads\/2026\/08\/Viajes-Logitur-expande-su-presencia-en-la-zona-norte-con-oficina-en-Santiago.jpg\" class=\"attachment-full size-full wp-post-image\" alt=\"\" srcset=\"https:\/\/www.foodieandtraveler.com\/wp-content\/uploads\/2026\/08\/Viajes-Logitur-expande-su-presencia-en-la-zona-norte-con-oficina-en-Santiago.jpg 1536w, https:\/\/www.foodieandtraveler.com\/wp-content\/uploads\/2026\/08\/Viajes-Logitur-expande-su-presencia-en-la-zona-norte-con-oficina-en-Santiago-300x200.jpg 300w, https:\/\/www.foodieandtraveler.com\/wp-content\/uploads\/2026\/08\/Viajes-Logitur-expande-su-presencia-en-la-zona-norte-con-oficina-en-Santiago-1024x683.jpg 1024w, https:\/\/www.foodieandtraveler.com\/wp-content\/uploads\/2026\/08\/Viajes-Logitur-expande-su-presencia-en-la-zona-norte-con-oficina-en-Santiago-768x512.jpg 768w\" sizes=\"(max-width: 1536px) 100vw, 1536px\" \/><\/a>\n                                <\/div>\n                                            <div class=\"content \">\n                <div class=\"post-inner\">\n                    \n                    \n                                                <h2><a href=\"https:\/\/www.foodieandtraveler.com\/index.php\/viajes-logitur-expande-su-presencia-en-la-zona-norte-con-oficina-en-santiago\/\">Viajes Logitur expande su presencia en la zona norte con oficina en Santiago<\/a><\/h2>\n                        \n                                                    <ul class=\"meta\">\n                                                                            <li><i class=\"fa fa-clock-o\"><\/i>26 agosto 2026<\/li>\n                                                                    <\/ul>\n\n                    \n                    \n                    \n                    \n                <\/div>\n            <\/div>\n                                    <\/div>\n                        \n                        \n                                                    <div class=\"htmega-single-post-slide htmega-postslider-layout-3\" >\n                                <div class=\"thumb\">\n                                    <a href=\"https:\/\/www.foodieandtraveler.com\/index.php\/orgullo-dominicano-en-las-alturas-arajet-y-ron-ozama-rumbo-al-dominican-day-parade\/\"><img loading=\"lazy\" decoding=\"async\" width=\"1536\" height=\"1024\" src=\"https:\/\/www.foodieandtraveler.com\/wp-content\/uploads\/2026\/08\/Orgullo-dominicano-en-las-alturas-Arajet-y-Ron-Ozama-rumbo-al-Dominican-Day-Parade-Dominicanidad-Arajet.jpg\" class=\"attachment-full size-full wp-post-image\" alt=\"\" srcset=\"https:\/\/www.foodieandtraveler.com\/wp-content\/uploads\/2026\/08\/Orgullo-dominicano-en-las-alturas-Arajet-y-Ron-Ozama-rumbo-al-Dominican-Day-Parade-Dominicanidad-Arajet.jpg 1536w, https:\/\/www.foodieandtraveler.com\/wp-content\/uploads\/2026\/08\/Orgullo-dominicano-en-las-alturas-Arajet-y-Ron-Ozama-rumbo-al-Dominican-Day-Parade-Dominicanidad-Arajet-300x200.jpg 300w, https:\/\/www.foodieandtraveler.com\/wp-content\/uploads\/2026\/08\/Orgullo-dominicano-en-las-alturas-Arajet-y-Ron-Ozama-rumbo-al-Dominican-Day-Parade-Dominicanidad-Arajet-1024x683.jpg 1024w, https:\/\/www.foodieandtraveler.com\/wp-content\/uploads\/2026\/08\/Orgullo-dominicano-en-las-alturas-Arajet-y-Ron-Ozama-rumbo-al-Dominican-Day-Parade-Dominicanidad-Arajet-768x512.jpg 768w\" sizes=\"(max-width: 1536px) 100vw, 1536px\" \/><\/a>\n                                <\/div>\n                                            <div class=\"content \">\n                <div class=\"post-inner\">\n                    \n                    \n                                                <h2><a href=\"https:\/\/www.foodieandtraveler.com\/index.php\/orgullo-dominicano-en-las-alturas-arajet-y-ron-ozama-rumbo-al-dominican-day-parade\/\">Orgullo dominicano en las alturas: Arajet y Ron Ozama rumbo al Dominican Day Parade<\/a><\/h2>\n                        \n                                                    <ul class=\"meta\">\n                                                                            <li><i class=\"fa fa-clock-o\"><\/i>26 agosto 2026<\/li>\n                                                                    <\/ul>\n\n                    \n                    \n                    \n                    \n                <\/div>\n            <\/div>\n                                    <\/div>\n                        \n                        \n                                                    <div class=\"htmega-single-post-slide htmega-postslider-layout-3\" >\n                                <div class=\"thumb\">\n                                    <a href=\"https:\/\/www.foodieandtraveler.com\/index.php\/miami-vibra-con-el-dominican-heritage-day-celebrado-por-arajet-ministerio-de-turismo-y-los-marlins\/\"><img loading=\"lazy\" decoding=\"async\" width=\"1280\" height=\"853\" src=\"https:\/\/www.foodieandtraveler.com\/wp-content\/uploads\/2026\/08\/Arajet-Ministerio-de-Turismo-y-los-Marlins-celebran-el-Dominican-Heritage-Day-en-Miami.jpeg\" class=\"attachment-full size-full wp-post-image\" alt=\"\" srcset=\"https:\/\/www.foodieandtraveler.com\/wp-content\/uploads\/2026\/08\/Arajet-Ministerio-de-Turismo-y-los-Marlins-celebran-el-Dominican-Heritage-Day-en-Miami.jpeg 1280w, https:\/\/www.foodieandtraveler.com\/wp-content\/uploads\/2026\/08\/Arajet-Ministerio-de-Turismo-y-los-Marlins-celebran-el-Dominican-Heritage-Day-en-Miami-300x200.jpeg 300w, https:\/\/www.foodieandtraveler.com\/wp-content\/uploads\/2026\/08\/Arajet-Ministerio-de-Turismo-y-los-Marlins-celebran-el-Dominican-Heritage-Day-en-Miami-1024x682.jpeg 1024w, https:\/\/www.foodieandtraveler.com\/wp-content\/uploads\/2026\/08\/Arajet-Ministerio-de-Turismo-y-los-Marlins-celebran-el-Dominican-Heritage-Day-en-Miami-768x512.jpeg 768w\" sizes=\"(max-width: 1280px) 100vw, 1280px\" \/><\/a>\n                                <\/div>\n                                            <div class=\"content \">\n                <div class=\"post-inner\">\n                    \n                    \n                                                <h2><a href=\"https:\/\/www.foodieandtraveler.com\/index.php\/miami-vibra-con-el-dominican-heritage-day-celebrado-por-arajet-ministerio-de-turismo-y-los-marlins\/\">Miami vibra con el Dominican Heritage Day, celebrado por Arajet, Ministerio de Turismo y los Marlins<\/a><\/h2>\n                        \n                                                    <ul class=\"meta\">\n                                                                            <li><i class=\"fa fa-clock-o\"><\/i>26 agosto 2026<\/li>\n                                                                    <\/ul>\n\n                    \n                    \n                    \n                    \n                <\/div>\n            <\/div>\n                                    <\/div>\n                        \n                        \n                                                    <div class=\"htmega-single-post-slide htmega-postslider-layout-3\" >\n                                <div class=\"thumb\">\n                                    <a href=\"https:\/\/www.foodieandtraveler.com\/index.php\/expansion-de-clerhp-avanza-con-la-adquisicion-completa-del-exclusivo-marelago-en-cap-cana\/\"><img loading=\"lazy\" decoding=\"async\" width=\"1672\" height=\"941\" src=\"https:\/\/www.foodieandtraveler.com\/wp-content\/uploads\/2026\/08\/Proyecto-Marelago-RD-Solo-para-sibaritas.jpeg\" class=\"attachment-full size-full wp-post-image\" alt=\"\" srcset=\"https:\/\/www.foodieandtraveler.com\/wp-content\/uploads\/2026\/08\/Proyecto-Marelago-RD-Solo-para-sibaritas.jpeg 1672w, https:\/\/www.foodieandtraveler.com\/wp-content\/uploads\/2026\/08\/Proyecto-Marelago-RD-Solo-para-sibaritas-300x169.jpeg 300w, https:\/\/www.foodieandtraveler.com\/wp-content\/uploads\/2026\/08\/Proyecto-Marelago-RD-Solo-para-sibaritas-1024x576.jpeg 1024w, https:\/\/www.foodieandtraveler.com\/wp-content\/uploads\/2026\/08\/Proyecto-Marelago-RD-Solo-para-sibaritas-768x432.jpeg 768w, https:\/\/www.foodieandtraveler.com\/wp-content\/uploads\/2026\/08\/Proyecto-Marelago-RD-Solo-para-sibaritas-1536x864.jpeg 1536w\" sizes=\"(max-width: 1672px) 100vw, 1672px\" \/><\/a>\n                                <\/div>\n                                            <div class=\"content \">\n                <div class=\"post-inner\">\n                    \n                    \n                                                <h2><a href=\"https:\/\/www.foodieandtraveler.com\/index.php\/expansion-de-clerhp-avanza-con-la-adquisicion-completa-del-exclusivo-marelago-en-cap-cana\/\">Expansi\u00f3n de CLERHP avanza con la adquisici\u00f3n completa del exclusivo Marelago en Cap Cana<\/a><\/h2>\n                        \n                                                    <ul class=\"meta\">\n                                                                            <li><i class=\"fa fa-clock-o\"><\/i>26 agosto 2026<\/li>\n                                                                    <\/ul>\n\n                    \n                    \n                    \n                    \n                <\/div>\n            <\/div>\n                                    <\/div>\n                        \n                        \n                <\/div>\n            <\/div>\n            \n            \n\n        \t\t\t\t<\/div>\n\t\t\t\t<\/div>\n\t\t\t\t\t<\/div>\n\t\t<\/div>\n\t\t\t\t\t<\/div>\n\t\t<\/section>\n\t\t<div class=\"elementor-element elementor-element-3fb9c3c e-flex e-con-boxed e-con e-parent\" data-id=\"3fb9c3c\" data-element_type=\"container\" data-e-type=\"container\" data-settings=\"{&quot;background_background&quot;:&quot;classic&quot;}\">\n\t\t\t\t\t<div class=\"e-con-inner\">\n\t\t\t\t<div class=\"elementor-element elementor-element-4e00ebf elementor-widget elementor-widget-shortcode\" data-id=\"4e00ebf\" data-element_type=\"widget\" data-e-type=\"widget\" data-widget_type=\"shortcode.default\">\n\t\t\t\t<div class=\"elementor-widget-container\">\n\t\t\t\t\t\t\t<div class=\"elementor-shortcode\"><div id=\"foodi-1228325567\" style=\"margin-top: 20px;margin-bottom: 20px;margin-left: auto;margin-right: auto;text-align: center;\"><a data-no-instant=\"1\" href=\"https:\/\/www.aireuropa.com\/do\/es\/home\" rel=\"noopener\" class=\"a2t-link\" target=\"_blank\" aria-label=\"960&#215;100 (3)\"><img loading=\"lazy\" decoding=\"async\" src=\"https:\/\/www.foodieandtraveler.com\/wp-content\/uploads\/2023\/11\/960x100-3.gif\" alt=\"\"  width=\"960\" height=\"100\"  style=\"display: inline-block;\" \/><\/a><\/div><\/div>\n\t\t\t\t\t\t<\/div>\n\t\t\t\t<\/div>\n\t\t\t\t\t<\/div>\n\t\t\t\t<\/div>\n\t\t\t\t<section class=\"elementor-section elementor-top-section elementor-element elementor-element-736cebc elementor-section-boxed elementor-section-height-default elementor-section-height-default\" data-id=\"736cebc\" data-element_type=\"section\" data-e-type=\"section\" data-settings=\"{&quot;background_background&quot;:&quot;classic&quot;,&quot;animation&quot;:&quot;none&quot;}\">\n\t\t\t\t\t\t\t<div class=\"elementor-background-overlay\"><\/div>\n\t\t\t\t\t\t\t<div class=\"elementor-container elementor-column-gap-default\">\n\t\t\t\t\t<div class=\"elementor-column elementor-col-50 elementor-top-column elementor-element elementor-element-4bcbe1e\" data-id=\"4bcbe1e\" data-element_type=\"column\" data-e-type=\"column\">\n\t\t\t<div class=\"elementor-widget-wrap elementor-element-populated\">\n\t\t\t\t\t\t<div class=\"elementor-element elementor-element-4438c2d elementor-widget elementor-widget-heading\" data-id=\"4438c2d\" data-element_type=\"widget\" data-e-type=\"widget\" data-widget_type=\"heading.default\">\n\t\t\t\t<div class=\"elementor-widget-container\">\n\t\t\t\t\t<h2 class=\"elementor-heading-title elementor-size-default\">Turismo<\/h2>\t\t\t\t<\/div>\n\t\t\t\t<\/div>\n\t\t\t\t<div class=\"elementor-element elementor-element-dbc8b04 elementor-widget__width-initial elementor-widget elementor-widget-posts-grid-two\" data-id=\"dbc8b04\" data-element_type=\"widget\" data-e-type=\"widget\" data-widget_type=\"posts-grid-two.default\">\n\t\t\t\t<div class=\"elementor-widget-container\">\n\t\t\t\t\t\n\t\t\t\t\n\t\t\n\t\t<div class=\"news_post_grid_design post-grid-wrapper-one post-gridstyle-one post-gridstyle-two\">\n\t\t\t<div class=\"row\">\n\t\t\n        \t\t\n\t\t\t<div class=\"col-lg-6\">\n\t\t\t\t\n\t\t\t\t<div class=\"post-grid-wrapper-one-inner post-grid-wrapper-two-inner\">\n\t\t\t\t\n\t\t\t\t\t<div class=\"grid-thumbnail-one-wrap grid-thumbnail-two-wrap\">\n\t\t\t\t\t\t<a href=\"https:\/\/www.foodieandtraveler.com\/index.php\/amplian-la-oferta-inmobiliaria-de-punta-bergantin-con-villas-hacienda-serena-y-apartamentos-velavento\/\" class=\"post-grid-thumbnail-one post-grid-thumbnail-two\">\n\t\t\t\t\t\t\t<img decoding=\"async\" src=\"https:\/\/www.foodieandtraveler.com\/wp-content\/uploads\/2026\/09\/Villas-Hacienda-Serena-y-Apartamentos-Velavento-amplian-la-oferta-inmobiliaria-de-Punta-Bergantin.jpeg\" alt=\"Ampl\u00edan la oferta inmobiliaria de Punta Bergant\u00edn con Villas Hacienda Serena y Apartamentos Velavento\">\n\t\t\t\t\t\t<\/a>\n\t\t\t\t\t<\/div>\n\t\t\t\t\n\t\t\t\t\t<div class=\"post-grid-content-one post-grid-content-two\">\n\t\t\t\t\t\t\n\t\t\t\t\t\t\t\n\t\t\t\t\t\t\n\t\t\t\t\t\t<h2 class=\"post-title\">\n\t\t\t\t\t\t\t<a href=\"https:\/\/www.foodieandtraveler.com\/index.php\/amplian-la-oferta-inmobiliaria-de-punta-bergantin-con-villas-hacienda-serena-y-apartamentos-velavento\/\">Ampl\u00edan la oferta inmobiliaria de Punta Bergant\u00edn con Villas Hacienda Serena y Apartamentos Velavento<\/a>\n\t\t\t\t\t\t<\/h2>\n\n\t\t\t\t\t\t\t\t\n\n\n\t\t\t\t\t\t<div class=\"post-meta-items\">\n\t\t\t\t\t\t\n\t\t\t\t\t\t\t\n\t\t\t\t\t\t\n\t\t\t\t\t\t\t\t\t\t\t\t\t<div class=\"date-box\">\n\t\t\t\t\t\t\tseptiembre 1, 2026\t\t\t\t\t\t\t<\/div>\n\t\t\t\t\t\t\t\n\t\t\t\t\t\t\n\t\t\t\t\t\n\t\t\t\t\t\t\t\t\t\t\t\t\n\t\t\t\t\t\t\t\t\t\t\t\t\n\t\t\t\t\t\t\n\t\t\t\t\t\t<\/div>\n\n\t\t\t\t\t<\/div>\n\t\t\t\t\t\n\n\t\t\t\t<\/div>\n\t\t\t\n\t\t\t<\/div>\n\n\n\t\t\t\t\n\t\t\t<div class=\"col-lg-6\">\n\t\t\t\t\n\t\t\t\t<div class=\"post-grid-wrapper-one-inner post-grid-wrapper-two-inner\">\n\t\t\t\t\n\t\t\t\t\t<div class=\"grid-thumbnail-one-wrap grid-thumbnail-two-wrap\">\n\t\t\t\t\t\t<a href=\"https:\/\/www.foodieandtraveler.com\/index.php\/descubre-los-sabores-del-pais-restaurant-week-2026-inaugura-el-mes-de-la-gastronomia\/\" class=\"post-grid-thumbnail-one post-grid-thumbnail-two\">\n\t\t\t\t\t\t\t<img decoding=\"async\" src=\"https:\/\/www.foodieandtraveler.com\/wp-content\/uploads\/2026\/08\/Descubre-los-sabores-del-pais-Restaurant-Week-2026-inaugura-el-Mes-de-la-Gastronomia-scaled.jpeg\" alt=\"Descubre los sabores del pa\u00eds: Restaurant Week 2026 inaugura el Mes de la Gastronom\u00eda\">\n\t\t\t\t\t\t<\/a>\n\t\t\t\t\t<\/div>\n\t\t\t\t\n\t\t\t\t\t<div class=\"post-grid-content-one post-grid-content-two\">\n\t\t\t\t\t\t\n\t\t\t\t\t\t\t\n\t\t\t\t\t\t\n\t\t\t\t\t\t<h2 class=\"post-title\">\n\t\t\t\t\t\t\t<a href=\"https:\/\/www.foodieandtraveler.com\/index.php\/descubre-los-sabores-del-pais-restaurant-week-2026-inaugura-el-mes-de-la-gastronomia\/\">Descubre los sabores del pa\u00eds: Restaurant Week 2026 inaugura el Mes de la Gastronom\u00eda<\/a>\n\t\t\t\t\t\t<\/h2>\n\n\t\t\t\t\t\t\t\t\n\n\n\t\t\t\t\t\t<div class=\"post-meta-items\">\n\t\t\t\t\t\t\n\t\t\t\t\t\t\t\n\t\t\t\t\t\t\n\t\t\t\t\t\t\t\t\t\t\t\t\t<div class=\"date-box\">\n\t\t\t\t\t\t\tagosto 26, 2026\t\t\t\t\t\t\t<\/div>\n\t\t\t\t\t\t\t\n\t\t\t\t\t\t\n\t\t\t\t\t\n\t\t\t\t\t\t\t\t\t\t\t\t\n\t\t\t\t\t\t\t\t\t\t\t\t\n\t\t\t\t\t\t\n\t\t\t\t\t\t<\/div>\n\n\t\t\t\t\t<\/div>\n\t\t\t\t\t\n\n\t\t\t\t<\/div>\n\t\t\t\n\t\t\t<\/div>\n\n\n\t\t\t\t\n\t\t\t<div class=\"col-lg-6\">\n\t\t\t\t\n\t\t\t\t<div class=\"post-grid-wrapper-one-inner post-grid-wrapper-two-inner\">\n\t\t\t\t\n\t\t\t\t\t<div class=\"grid-thumbnail-one-wrap grid-thumbnail-two-wrap\">\n\t\t\t\t\t\t<a href=\"https:\/\/www.foodieandtraveler.com\/index.php\/comienza-la-restauracion-de-casa-aybar-en-ciudad-colonial-bajo-el-liderazgo-de-david-collado\/\" class=\"post-grid-thumbnail-one post-grid-thumbnail-two\">\n\t\t\t\t\t\t\t<img decoding=\"async\" src=\"https:\/\/www.foodieandtraveler.com\/wp-content\/uploads\/2026\/08\/El-ministro-de-Turismo-David-Collado-dejo-iniciados-este-martes-los-trabajos-de-restauracion-de-Casa-Aybar-en-la-Ciudad-Colonial-con-una-inversion-de-RD-102288093.jpeg\" alt=\"Comienza la restauraci\u00f3n de Casa Aybar en Ciudad Colonial bajo el liderazgo de David Collado\">\n\t\t\t\t\t\t<\/a>\n\t\t\t\t\t<\/div>\n\t\t\t\t\n\t\t\t\t\t<div class=\"post-grid-content-one post-grid-content-two\">\n\t\t\t\t\t\t\n\t\t\t\t\t\t\t\n\t\t\t\t\t\t\n\t\t\t\t\t\t<h2 class=\"post-title\">\n\t\t\t\t\t\t\t<a href=\"https:\/\/www.foodieandtraveler.com\/index.php\/comienza-la-restauracion-de-casa-aybar-en-ciudad-colonial-bajo-el-liderazgo-de-david-collado\/\">Comienza la restauraci\u00f3n de Casa Aybar en Ciudad Colonial bajo el liderazgo de David Collado<\/a>\n\t\t\t\t\t\t<\/h2>\n\n\t\t\t\t\t\t\t\t\n\n\n\t\t\t\t\t\t<div class=\"post-meta-items\">\n\t\t\t\t\t\t\n\t\t\t\t\t\t\t\n\t\t\t\t\t\t\n\t\t\t\t\t\t\t\t\t\t\t\t\t<div class=\"date-box\">\n\t\t\t\t\t\t\tagosto 26, 2026\t\t\t\t\t\t\t<\/div>\n\t\t\t\t\t\t\t\n\t\t\t\t\t\t\n\t\t\t\t\t\n\t\t\t\t\t\t\t\t\t\t\t\t\n\t\t\t\t\t\t\t\t\t\t\t\t\n\t\t\t\t\t\t\n\t\t\t\t\t\t<\/div>\n\n\t\t\t\t\t<\/div>\n\t\t\t\t\t\n\n\t\t\t\t<\/div>\n\t\t\t\n\t\t\t<\/div>\n\n\n\t\t\t\t\n\t\t\t<div class=\"col-lg-6\">\n\t\t\t\t\n\t\t\t\t<div class=\"post-grid-wrapper-one-inner post-grid-wrapper-two-inner\">\n\t\t\t\t\n\t\t\t\t\t<div class=\"grid-thumbnail-one-wrap grid-thumbnail-two-wrap\">\n\t\t\t\t\t\t<a href=\"https:\/\/www.foodieandtraveler.com\/index.php\/turismo-y-rd-vial-unen-esfuerzos-para-implementar-senaletica-turistica-a-nivel-nacional\/\" class=\"post-grid-thumbnail-one post-grid-thumbnail-two\">\n\t\t\t\t\t\t\t<img decoding=\"async\" src=\"https:\/\/www.foodieandtraveler.com\/wp-content\/uploads\/2026\/08\/Presentacion-del-Plan-Nacional-de-Senaletica-Vial-Turistica.jpg\" alt=\"Turismo y RD Vial unen esfuerzos para implementar se\u00f1al\u00e9tica tur\u00edstica a nivel nacional\">\n\t\t\t\t\t\t<\/a>\n\t\t\t\t\t<\/div>\n\t\t\t\t\n\t\t\t\t\t<div class=\"post-grid-content-one post-grid-content-two\">\n\t\t\t\t\t\t\n\t\t\t\t\t\t\t\n\t\t\t\t\t\t\n\t\t\t\t\t\t<h2 class=\"post-title\">\n\t\t\t\t\t\t\t<a href=\"https:\/\/www.foodieandtraveler.com\/index.php\/turismo-y-rd-vial-unen-esfuerzos-para-implementar-senaletica-turistica-a-nivel-nacional\/\">Turismo y RD Vial unen esfuerzos para implementar se\u00f1al\u00e9tica tur\u00edstica a nivel nacional<\/a>\n\t\t\t\t\t\t<\/h2>\n\n\t\t\t\t\t\t\t\t\n\n\n\t\t\t\t\t\t<div class=\"post-meta-items\">\n\t\t\t\t\t\t\n\t\t\t\t\t\t\t\n\t\t\t\t\t\t\n\t\t\t\t\t\t\t\t\t\t\t\t\t<div class=\"date-box\">\n\t\t\t\t\t\t\tagosto 26, 2026\t\t\t\t\t\t\t<\/div>\n\t\t\t\t\t\t\t\n\t\t\t\t\t\t\n\t\t\t\t\t\n\t\t\t\t\t\t\t\t\t\t\t\t\n\t\t\t\t\t\t\t\t\t\t\t\t\n\t\t\t\t\t\t\n\t\t\t\t\t\t<\/div>\n\n\t\t\t\t\t<\/div>\n\t\t\t\t\t\n\n\t\t\t\t<\/div>\n\t\t\t\n\t\t\t<\/div>\n\n\n\t\t\t\t\n\t\t    <\/div>\n        <\/div>\n\t\t\n\t\t\t\t\n\t\t\t\t\n\t\n\t\t\t\t\t\t<\/div>\n\t\t\t\t<\/div>\n\t\t\t\t\t<\/div>\n\t\t<\/div>\n\t\t\t\t<div class=\"elementor-column elementor-col-50 elementor-top-column elementor-element elementor-element-d70649d\" data-id=\"d70649d\" data-element_type=\"column\" data-e-type=\"column\" data-settings=\"{&quot;background_background&quot;:&quot;classic&quot;}\">\n\t\t\t<div class=\"elementor-widget-wrap elementor-element-populated\">\n\t\t\t\t\t\t<div class=\"elementor-element elementor-element-be585e7 elementor-widget elementor-widget-heading\" data-id=\"be585e7\" data-element_type=\"widget\" data-e-type=\"widget\" data-widget_type=\"heading.default\">\n\t\t\t\t<div class=\"elementor-widget-container\">\n\t\t\t\t\t<h2 class=\"elementor-heading-title elementor-size-default\">Gastronom\u00eda<\/h2>\t\t\t\t<\/div>\n\t\t\t\t<\/div>\n\t\t\t\t<div class=\"elementor-element elementor-element-aa4e77a elementor-widget__width-initial elementor-widget elementor-widget-posts-list-one\" data-id=\"aa4e77a\" data-element_type=\"widget\" data-e-type=\"widget\" data-widget_type=\"posts-list-one.default\">\n\t\t\t\t<div class=\"elementor-widget-container\">\n\t\t\t\t\t\n\t\t\t\t\n\t\t\n\t\t<div class=\"news_post_list_design post-list-wrapper-one\">\n\t\t\n\t\t<div class=\"row\">\n\t\t\n        \t\t\n\t\t\t<div class=\"col-lg-12\">\n\t\t\n\t\t\t\t\n\t\t\t\t<div class=\"post-list-wrapper-one-inner\">\n\t\t\t\t\n\t\t\t\t\t<div class=\"list-thumbnail-one-wrap\">\n\t\t\t\t\t\t<a href=\"https:\/\/www.foodieandtraveler.com\/index.php\/punta-cana-recibe-el-inicio-de-restaurant-week-2026-y-la-ruta-culinaria-nacional\/\" class=\"post-list-thumbnail-one\">\n\t\t\t\t\t\t\t<img decoding=\"async\" src=\"https:\/\/www.foodieandtraveler.com\/wp-content\/uploads\/2026\/09\/Cocina-dominicana-sancocho-mofongo-pescado-frito-playa-beach-Restaurant-Week-2026-Punta-Cana.jpg\" alt=\"Punta Cana recibe el inicio de Restaurant Week 2026 y la ruta culinaria nacional\">\n\t\t\t\t\t\t<\/a>\n\t\t\t\t\t<\/div>\n\t\t\t\t\n\t\t\t\t\t<div class=\"post-list-content-one align-self-center\">\n\t\t\t\t\t\t\n\t\t\t\t\t\t<h2 class=\"post-title\">\n\t\t\t\t\t\t\t<a href=\"https:\/\/www.foodieandtraveler.com\/index.php\/punta-cana-recibe-el-inicio-de-restaurant-week-2026-y-la-ruta-culinaria-nacional\/\">Punta Cana recibe el inicio de Restaurant Week 2026 y la ruta culinaria nacional<\/a>\n\t\t\t\t\t\t<\/h2>\n\n\t\t\t\t\t\t\t\t\n\n\n\t\t\t\t\t\t<div class=\"post-meta-items mt-3\">\n\t\t\t\t\t\t\n\t\t\t\t\t\t\t\n\t\t\t\t\t\t\n\t\t\t\t\t\t\t\n\t\t\t\t\t\t\t<div class=\"category-box normal-meta-color\">\n\t\t\t\t\t\t\t \n   \n\t \n\n\t\n\t<a class=\"news-cat_Name\" href=\"https:\/\/www.foodieandtraveler.com\/index.php\/category\/chef\/\">\n\t\tChef\t<\/a>\n   \n\t\n\t<a class=\"news-cat_Name\" href=\"https:\/\/www.foodieandtraveler.com\/index.php\/category\/cocina-dominicana\/\">\n\t\tCocina Dominicana\t<\/a>\n   \n\t\n\t<a class=\"news-cat_Name\" href=\"https:\/\/www.foodieandtraveler.com\/index.php\/category\/destinos\/\">\n\t\tDestinos\t<\/a>\n   \n\t\n\t<a class=\"news-cat_Name\" href=\"https:\/\/www.foodieandtraveler.com\/index.php\/category\/evento-gastronomico\/\">\n\t\tEvento Gastronomico\t<\/a>\n   \n\t\n\t<a class=\"news-cat_Name\" href=\"https:\/\/www.foodieandtraveler.com\/index.php\/category\/experiencia-gastronomica\/\">\n\t\tExperiencia Gastron\u00f3mica\t<\/a>\n   \n\t\n\t<a class=\"news-cat_Name\" href=\"https:\/\/www.foodieandtraveler.com\/index.php\/category\/foodies\/\">\n\t\tFoodies\t<\/a>\n   \n\t\n\t<a class=\"news-cat_Name\" href=\"https:\/\/www.foodieandtraveler.com\/index.php\/category\/gastronomia\/\">\n\t\tGastronom\u00eda\t<\/a>\n   \n\t\n\t<a class=\"news-cat_Name\" href=\"https:\/\/www.foodieandtraveler.com\/index.php\/category\/restaurantes\/\">\n\t\tRestaurantes\t<\/a>\n   \n\t\n\t<a class=\"news-cat_Name\" href=\"https:\/\/www.foodieandtraveler.com\/index.php\/category\/solo-para-sibaritas\/\">\n\t\tS\u00f3lo para sibaritas\t<\/a>\n   \n\t\t\t\t\t\t\t\t<\/div>\n\t\t\t\t\t\t\t\n\t\t\t\t\t\t\n\t\t\t\t\t\t\n\t\t\t\t\t\t\t\t\t\t\t\t\t<div class=\"date-box normal-meta-color\">\n\t\t\t\t\t\t\tseptiembre 2, 2026\t\t\t\t\t\t\t<\/div>\n\t\t\t\t\t\t\t\n\t\t\t\t\t\t\n\t\t\t\t\t\n\t\t\t\t\t\t\t\t\t\t\t\t\n\t\t\t\t\t\t\t\t\t\t\t\t\n\t\t\t\t\t\t\n\t\t\t\t\t\t<\/div>\n\n\t\t\t\t\t<\/div>\n\t\t\t\t\t\n\n\t\t\t\t<\/div>\n\t\t\t\t\n\t\t\t<\/div>\n\t\t\t\n\t\t\t\t\n\t\t\t<div class=\"col-lg-12\">\n\t\t\n\t\t\t\t\n\t\t\t\t<div class=\"post-list-wrapper-one-inner\">\n\t\t\t\t\n\t\t\t\t\t<div class=\"list-thumbnail-one-wrap\">\n\t\t\t\t\t\t<a href=\"https:\/\/www.foodieandtraveler.com\/index.php\/hosteleria-summit-2026-se-renueva-para-impulsar-la-conexion-entre-gastronomia-hoteleria-innovacion-y-negocios\/\" class=\"post-list-thumbnail-one\">\n\t\t\t\t\t\t\t<img decoding=\"async\" src=\"https:\/\/www.foodieandtraveler.com\/wp-content\/uploads\/2026\/09\/Hosteleria-Summit-2026-regresa-renovado-para-conectar-gastronomia-hoteleria-innovacion-y-negocios-scaled.jpeg\" alt=\"Hosteler\u00eda Summit 2026 se renueva para impulsar la conexi\u00f3n entre gastronom\u00eda, hoteler\u00eda, innovaci\u00f3n y negocios\">\n\t\t\t\t\t\t<\/a>\n\t\t\t\t\t<\/div>\n\t\t\t\t\n\t\t\t\t\t<div class=\"post-list-content-one align-self-center\">\n\t\t\t\t\t\t\n\t\t\t\t\t\t<h2 class=\"post-title\">\n\t\t\t\t\t\t\t<a href=\"https:\/\/www.foodieandtraveler.com\/index.php\/hosteleria-summit-2026-se-renueva-para-impulsar-la-conexion-entre-gastronomia-hoteleria-innovacion-y-negocios\/\">Hosteler\u00eda Summit 2026 se renueva para impulsar la conexi\u00f3n entre gastronom\u00eda, hoteler\u00eda, innovaci\u00f3n y negocios<\/a>\n\t\t\t\t\t\t<\/h2>\n\n\t\t\t\t\t\t\t\t\n\n\n\t\t\t\t\t\t<div class=\"post-meta-items mt-3\">\n\t\t\t\t\t\t\n\t\t\t\t\t\t\t\n\t\t\t\t\t\t\n\t\t\t\t\t\t\t\n\t\t\t\t\t\t\t<div class=\"category-box normal-meta-color\">\n\t\t\t\t\t\t\t \n   \n\t \n\n\t\n\t<a class=\"news-cat_Name\" href=\"https:\/\/www.foodieandtraveler.com\/index.php\/category\/evento-gastronomico\/\">\n\t\tEvento Gastronomico\t<\/a>\n   \n\t\n\t<a class=\"news-cat_Name\" href=\"https:\/\/www.foodieandtraveler.com\/index.php\/category\/experiencia-gastronomica\/\">\n\t\tExperiencia Gastron\u00f3mica\t<\/a>\n   \n\t\n\t<a class=\"news-cat_Name\" href=\"https:\/\/www.foodieandtraveler.com\/index.php\/category\/foodies\/\">\n\t\tFoodies\t<\/a>\n   \n\t\n\t<a class=\"news-cat_Name\" href=\"https:\/\/www.foodieandtraveler.com\/index.php\/category\/gastronomia\/\">\n\t\tGastronom\u00eda\t<\/a>\n   \n\t\n\t<a class=\"news-cat_Name\" href=\"https:\/\/www.foodieandtraveler.com\/index.php\/category\/pasteleria-3\/\">\n\t\tPasteler\u00eda\t<\/a>\n   \n\t\n\t<a class=\"news-cat_Name\" href=\"https:\/\/www.foodieandtraveler.com\/index.php\/category\/restaurantes\/\">\n\t\tRestaurantes\t<\/a>\n   \n\t\t\t\t\t\t\t\t<\/div>\n\t\t\t\t\t\t\t\n\t\t\t\t\t\t\n\t\t\t\t\t\t\n\t\t\t\t\t\t\t\t\t\t\t\t\t<div class=\"date-box normal-meta-color\">\n\t\t\t\t\t\t\tseptiembre 1, 2026\t\t\t\t\t\t\t<\/div>\n\t\t\t\t\t\t\t\n\t\t\t\t\t\t\n\t\t\t\t\t\n\t\t\t\t\t\t\t\t\t\t\t\t\n\t\t\t\t\t\t\t\t\t\t\t\t\n\t\t\t\t\t\t\n\t\t\t\t\t\t<\/div>\n\n\t\t\t\t\t<\/div>\n\t\t\t\t\t\n\n\t\t\t\t<\/div>\n\t\t\t\t\n\t\t\t<\/div>\n\t\t\t\n\t\t\t\t\n\t\t\t<div class=\"col-lg-12\">\n\t\t\n\t\t\t\t\n\t\t\t\t<div class=\"post-list-wrapper-one-inner\">\n\t\t\t\t\n\t\t\t\t\t<div class=\"list-thumbnail-one-wrap\">\n\t\t\t\t\t\t<a href=\"https:\/\/www.foodieandtraveler.com\/index.php\/descubre-los-sabores-del-pais-restaurant-week-2026-inaugura-el-mes-de-la-gastronomia\/\" class=\"post-list-thumbnail-one\">\n\t\t\t\t\t\t\t<img decoding=\"async\" src=\"https:\/\/www.foodieandtraveler.com\/wp-content\/uploads\/2026\/08\/Descubre-los-sabores-del-pais-Restaurant-Week-2026-inaugura-el-Mes-de-la-Gastronomia-scaled.jpeg\" alt=\"Descubre los sabores del pa\u00eds: Restaurant Week 2026 inaugura el Mes de la Gastronom\u00eda\">\n\t\t\t\t\t\t<\/a>\n\t\t\t\t\t<\/div>\n\t\t\t\t\n\t\t\t\t\t<div class=\"post-list-content-one align-self-center\">\n\t\t\t\t\t\t\n\t\t\t\t\t\t<h2 class=\"post-title\">\n\t\t\t\t\t\t\t<a href=\"https:\/\/www.foodieandtraveler.com\/index.php\/descubre-los-sabores-del-pais-restaurant-week-2026-inaugura-el-mes-de-la-gastronomia\/\">Descubre los sabores del pa\u00eds: Restaurant Week 2026 inaugura el Mes de la Gastronom\u00eda<\/a>\n\t\t\t\t\t\t<\/h2>\n\n\t\t\t\t\t\t\t\t\n\n\n\t\t\t\t\t\t<div class=\"post-meta-items mt-3\">\n\t\t\t\t\t\t\n\t\t\t\t\t\t\t\n\t\t\t\t\t\t\n\t\t\t\t\t\t\t\n\t\t\t\t\t\t\t<div class=\"category-box normal-meta-color\">\n\t\t\t\t\t\t\t \n   \n\t \n\n\t\n\t<a class=\"news-cat_Name\" href=\"https:\/\/www.foodieandtraveler.com\/index.php\/category\/evento-gastronomico\/\">\n\t\tEvento Gastronomico\t<\/a>\n   \n\t\n\t<a class=\"news-cat_Name\" href=\"https:\/\/www.foodieandtraveler.com\/index.php\/category\/experiencia-gastronomica\/\">\n\t\tExperiencia Gastron\u00f3mica\t<\/a>\n   \n\t\n\t<a class=\"news-cat_Name\" href=\"https:\/\/www.foodieandtraveler.com\/index.php\/category\/foodies\/\">\n\t\tFoodies\t<\/a>\n   \n\t\n\t<a class=\"news-cat_Name\" href=\"https:\/\/www.foodieandtraveler.com\/index.php\/category\/gastronomia\/\">\n\t\tGastronom\u00eda\t<\/a>\n   \n\t\n\t<a class=\"news-cat_Name\" href=\"https:\/\/www.foodieandtraveler.com\/index.php\/category\/sector-hotelero\/\">\n\t\tSector Hotelero\t<\/a>\n   \n\t\n\t<a class=\"news-cat_Name\" href=\"https:\/\/www.foodieandtraveler.com\/index.php\/category\/solo-para-sibaritas\/\">\n\t\tS\u00f3lo para sibaritas\t<\/a>\n   \n\t\n\t<a class=\"news-cat_Name\" href=\"https:\/\/www.foodieandtraveler.com\/index.php\/category\/tendencias-gastronomicas\/\">\n\t\tTendencias Gastron\u00f3micas\t<\/a>\n   \n\t\n\t<a class=\"news-cat_Name\" href=\"https:\/\/www.foodieandtraveler.com\/index.php\/category\/turismo\/\">\n\t\tTurismo\t<\/a>\n   \n\t\t\t\t\t\t\t\t<\/div>\n\t\t\t\t\t\t\t\n\t\t\t\t\t\t\n\t\t\t\t\t\t\n\t\t\t\t\t\t\t\t\t\t\t\t\t<div class=\"date-box normal-meta-color\">\n\t\t\t\t\t\t\tagosto 26, 2026\t\t\t\t\t\t\t<\/div>\n\t\t\t\t\t\t\t\n\t\t\t\t\t\t\n\t\t\t\t\t\n\t\t\t\t\t\t\t\t\t\t\t\t\n\t\t\t\t\t\t\t\t\t\t\t\t\n\t\t\t\t\t\t\n\t\t\t\t\t\t<\/div>\n\n\t\t\t\t\t<\/div>\n\t\t\t\t\t\n\n\t\t\t\t<\/div>\n\t\t\t\t\n\t\t\t<\/div>\n\t\t\t\n\t\t\t\t\n\t\t\t<div class=\"col-lg-12\">\n\t\t\n\t\t\t\t\n\t\t\t\t<div class=\"post-list-wrapper-one-inner\">\n\t\t\t\t\n\t\t\t\t\t<div class=\"list-thumbnail-one-wrap\">\n\t\t\t\t\t\t<a href=\"https:\/\/www.foodieandtraveler.com\/index.php\/restaurant-week-2026-aderes-y-asonahores-reunen-mas-de-200-restaurantes-en-cinco-destinos-del-pais\/\" class=\"post-list-thumbnail-one\">\n\t\t\t\t\t\t\t<img decoding=\"async\" src=\"https:\/\/www.foodieandtraveler.com\/wp-content\/uploads\/2026\/08\/Antonio-Francisco-Gonzalez-Juvenal-Pina-Filipo-CicconeGiancarlo-Bonarelli-Lissette-Olivares-Ariel-Taverez-y-Omar-Cepeda.jpeg\" alt=\"Restaurant Week 2026: ADERES y ASONAHORES re\u00fanen m\u00e1s de 200 restaurantes en cinco destinos del pa\u00eds\">\n\t\t\t\t\t\t<\/a>\n\t\t\t\t\t<\/div>\n\t\t\t\t\n\t\t\t\t\t<div class=\"post-list-content-one align-self-center\">\n\t\t\t\t\t\t\n\t\t\t\t\t\t<h2 class=\"post-title\">\n\t\t\t\t\t\t\t<a href=\"https:\/\/www.foodieandtraveler.com\/index.php\/restaurant-week-2026-aderes-y-asonahores-reunen-mas-de-200-restaurantes-en-cinco-destinos-del-pais\/\">Restaurant Week 2026: ADERES y ASONAHORES re\u00fanen m\u00e1s de 200 restaurantes en cinco destinos del pa\u00eds<\/a>\n\t\t\t\t\t\t<\/h2>\n\n\t\t\t\t\t\t\t\t\n\n\n\t\t\t\t\t\t<div class=\"post-meta-items mt-3\">\n\t\t\t\t\t\t\n\t\t\t\t\t\t\t\n\t\t\t\t\t\t\n\t\t\t\t\t\t\t\n\t\t\t\t\t\t\t<div class=\"category-box normal-meta-color\">\n\t\t\t\t\t\t\t \n   \n\t \n\n\t\n\t<a class=\"news-cat_Name\" href=\"https:\/\/www.foodieandtraveler.com\/index.php\/category\/evento-gastronomico\/\">\n\t\tEvento Gastronomico\t<\/a>\n   \n\t\n\t<a class=\"news-cat_Name\" href=\"https:\/\/www.foodieandtraveler.com\/index.php\/category\/experiencia-gastronomica\/\">\n\t\tExperiencia Gastron\u00f3mica\t<\/a>\n   \n\t\n\t<a class=\"news-cat_Name\" href=\"https:\/\/www.foodieandtraveler.com\/index.php\/category\/foodies\/\">\n\t\tFoodies\t<\/a>\n   \n\t\n\t<a class=\"news-cat_Name\" href=\"https:\/\/www.foodieandtraveler.com\/index.php\/category\/gastronomia\/\">\n\t\tGastronom\u00eda\t<\/a>\n   \n\t\n\t<a class=\"news-cat_Name\" href=\"https:\/\/www.foodieandtraveler.com\/index.php\/category\/restaurantes\/\">\n\t\tRestaurantes\t<\/a>\n   \n\t\n\t<a class=\"news-cat_Name\" href=\"https:\/\/www.foodieandtraveler.com\/index.php\/category\/solo-para-sibaritas\/\">\n\t\tS\u00f3lo para sibaritas\t<\/a>\n   \n\t\n\t<a class=\"news-cat_Name\" href=\"https:\/\/www.foodieandtraveler.com\/index.php\/category\/turismo\/\">\n\t\tTurismo\t<\/a>\n   \n\t\t\t\t\t\t\t\t<\/div>\n\t\t\t\t\t\t\t\n\t\t\t\t\t\t\n\t\t\t\t\t\t\n\t\t\t\t\t\t\t\t\t\t\t\t\t<div class=\"date-box normal-meta-color\">\n\t\t\t\t\t\t\tagosto 20, 2026\t\t\t\t\t\t\t<\/div>\n\t\t\t\t\t\t\t\n\t\t\t\t\t\t\n\t\t\t\t\t\n\t\t\t\t\t\t\t\t\t\t\t\t\n\t\t\t\t\t\t\t\t\t\t\t\t\n\t\t\t\t\t\t\n\t\t\t\t\t\t<\/div>\n\n\t\t\t\t\t<\/div>\n\t\t\t\t\t\n\n\t\t\t\t<\/div>\n\t\t\t\t\n\t\t\t<\/div>\n\t\t\t\n\t\t\t\t\n        <\/div> \n\t\t\n\t\t<\/div>\n\t\t\n\t\t\t\t\n\t\t\t\t\n\t\n\t\t\t\t\t\t<\/div>\n\t\t\t\t<\/div>\n\t\t\t\t<div class=\"elementor-element elementor-element-5756c60 elementor-widget elementor-widget-shortcode\" data-id=\"5756c60\" data-element_type=\"widget\" data-e-type=\"widget\" data-widget_type=\"shortcode.default\">\n\t\t\t\t<div class=\"elementor-widget-container\">\n\t\t\t\t\t\t\t<div class=\"elementor-shortcode\"><div id=\"foodi-1205878992\" style=\"margin-left: auto;margin-right: auto;text-align: center;\"><a data-no-instant=\"1\" href=\"https:\/\/www.mitur.gob.do\/\" rel=\"noopener\" class=\"a2t-link\" target=\"_blank\" aria-label=\"300&#215;250 06\"><img loading=\"lazy\" decoding=\"async\" src=\"https:\/\/www.foodieandtraveler.com\/wp-content\/uploads\/2023\/11\/300x250-06.jpg\" alt=\"\"  width=\"300\" height=\"250\"  style=\"display: inline-block;\" \/><\/a><\/div><\/div>\n\t\t\t\t\t\t<\/div>\n\t\t\t\t<\/div>\n\t\t\t\t\t<\/div>\n\t\t<\/div>\n\t\t\t\t\t<\/div>\n\t\t<\/section>\n\t\t<div class=\"elementor-element elementor-element-4a2d384 e-flex e-con-boxed e-con e-parent\" data-id=\"4a2d384\" data-element_type=\"container\" data-e-type=\"container\" data-settings=\"{&quot;background_background&quot;:&quot;classic&quot;}\">\n\t\t\t\t\t<div class=\"e-con-inner\">\n\t\t\t\t<div class=\"elementor-element elementor-element-b50486c elementor-widget elementor-widget-shortcode\" data-id=\"b50486c\" data-element_type=\"widget\" data-e-type=\"widget\" data-widget_type=\"shortcode.default\">\n\t\t\t\t<div class=\"elementor-widget-container\">\n\t\t\t\t\t\t\t<div class=\"elementor-shortcode\"><div id=\"foodi-508520409\" style=\"margin-left: auto;margin-right: auto;text-align: center;\"><a data-no-instant=\"1\" href=\"https:\/\/open.spotify.com\/show\/0tdqZTYuqQ88JzbEFWP2N1?si=eg-jrnx6TH-Hm8fUOKdGtg&#038;nd=1\" rel=\"noopener\" class=\"a2t-link\" target=\"_blank\" aria-label=\"banner-destinos-y-sabores-podcast\"><img loading=\"lazy\" decoding=\"async\" src=\"https:\/\/www.foodieandtraveler.com\/wp-content\/uploads\/2023\/11\/banner-destinos-y-sabores-podcast.jpg\" alt=\"\"  srcset=\"https:\/\/www.foodieandtraveler.com\/wp-content\/uploads\/2023\/11\/banner-destinos-y-sabores-podcast.jpg 1000w, https:\/\/www.foodieandtraveler.com\/wp-content\/uploads\/2023\/11\/banner-destinos-y-sabores-podcast-300x31.jpg 300w, https:\/\/www.foodieandtraveler.com\/wp-content\/uploads\/2023\/11\/banner-destinos-y-sabores-podcast-768x79.jpg 768w\" sizes=\"(max-width: 1000px) 100vw, 1000px\" width=\"1000\" height=\"103\"  style=\"display: inline-block;\" \/><\/a><\/div><\/div>\n\t\t\t\t\t\t<\/div>\n\t\t\t\t<\/div>\n\t\t\t\t\t<\/div>\n\t\t\t\t<\/div>\n\t\t\t\t<section class=\"elementor-section elementor-top-section elementor-element elementor-element-3857ec1 elementor-section-full_width elementor-section-height-default elementor-section-height-default\" data-id=\"3857ec1\" data-element_type=\"section\" data-e-type=\"section\" data-settings=\"{&quot;background_background&quot;:&quot;classic&quot;,&quot;animation&quot;:&quot;none&quot;}\">\n\t\t\t\t\t\t\t<div class=\"elementor-background-overlay\"><\/div>\n\t\t\t\t\t\t\t<div class=\"elementor-container elementor-column-gap-default\">\n\t\t\t\t\t<div class=\"elementor-column elementor-col-50 elementor-top-column elementor-element elementor-element-97402df\" data-id=\"97402df\" data-element_type=\"column\" data-e-type=\"column\">\n\t\t\t<div class=\"elementor-widget-wrap elementor-element-populated\">\n\t\t\t\t\t\t<div class=\"elementor-element elementor-element-03bcf75 elementor-widget elementor-widget-heading\" data-id=\"03bcf75\" data-element_type=\"widget\" data-e-type=\"widget\" data-widget_type=\"heading.default\">\n\t\t\t\t<div class=\"elementor-widget-container\">\n\t\t\t\t\t<h2 class=\"elementor-heading-title elementor-size-default\">Hoteles<\/h2>\t\t\t\t<\/div>\n\t\t\t\t<\/div>\n\t\t\t\t<div class=\"elementor-element elementor-element-8c5e24e elementor-widget elementor-widget-posts-grid-two\" data-id=\"8c5e24e\" data-element_type=\"widget\" data-e-type=\"widget\" data-widget_type=\"posts-grid-two.default\">\n\t\t\t\t<div class=\"elementor-widget-container\">\n\t\t\t\t\t\n\t\t\t\t\n\t\t\n\t\t<div class=\"news_post_grid_design post-grid-wrapper-one post-gridstyle-one post-gridstyle-two\">\n\t\t\t<div class=\"row\">\n\t\t\n        \t\t\n\t\t\t<div class=\"col-lg-12\">\n\t\t\t\t\n\t\t\t\t<div class=\"post-grid-wrapper-one-inner post-grid-wrapper-two-inner\">\n\t\t\t\t\n\t\t\t\t\t<div class=\"grid-thumbnail-one-wrap grid-thumbnail-two-wrap\">\n\t\t\t\t\t\t<a href=\"https:\/\/www.foodieandtraveler.com\/index.php\/madrid-se-convierte-en-un-circuito-de-cocteleria-gracias-al-hotel-fenix-gran-melia-y-la-formula-1\/\" class=\"post-grid-thumbnail-one post-grid-thumbnail-two\">\n\t\t\t\t\t\t\t<img decoding=\"async\" src=\"https:\/\/www.foodieandtraveler.com\/wp-content\/uploads\/2026\/09\/Balmorals-Grid-Image-Visual-1.jpeg\" alt=\"Madrid se convierte en un circuito de cocteler\u00eda gracias al Hotel F\u00e9nix Gran Meli\u00e1 y la F\u00f3rmula 1\">\n\t\t\t\t\t\t<\/a>\n\t\t\t\t\t<\/div>\n\t\t\t\t\n\t\t\t\t\t<div class=\"post-grid-content-one post-grid-content-two\">\n\t\t\t\t\t\t\n\t\t\t\t\t\t\t\n\t\t\t\t\t\t\n\t\t\t\t\t\t<h2 class=\"post-title\">\n\t\t\t\t\t\t\t<a href=\"https:\/\/www.foodieandtraveler.com\/index.php\/madrid-se-convierte-en-un-circuito-de-cocteleria-gracias-al-hotel-fenix-gran-melia-y-la-formula-1\/\">Madrid se convierte en un circuito de cocteler\u00eda gracias al Hotel F\u00e9nix Gran Meli\u00e1 y la F\u00f3rmula 1<\/a>\n\t\t\t\t\t\t<\/h2>\n\n\t\t\t\t\t\t\t\t\n\n\n\t\t\t\t\t\t<div class=\"post-meta-items\">\n\t\t\t\t\t\t\n\t\t\t\t\t\t\t\n\t\t\t\t\t\t\n\t\t\t\t\t\t\t\t\t\t\t\t\t<div class=\"date-box\">\n\t\t\t\t\t\t\tseptiembre 2, 2026\t\t\t\t\t\t\t<\/div>\n\t\t\t\t\t\t\t\n\t\t\t\t\t\t\n\t\t\t\t\t\n\t\t\t\t\t\t\t\t\t\t\t\t\n\t\t\t\t\t\t\t\t\t\t\t\t\n\t\t\t\t\t\t\n\t\t\t\t\t\t<\/div>\n\n\t\t\t\t\t<\/div>\n\t\t\t\t\t\n\n\t\t\t\t<\/div>\n\t\t\t\n\t\t\t<\/div>\n\n\n\t\t\t\t\n\t\t    <\/div>\n        <\/div>\n\t\t\n\t\t\t\t\n\t\t\t\t\n\t\n\t\t\t\t\t\t<\/div>\n\t\t\t\t<\/div>\n\t\t\t\t<div class=\"elementor-element elementor-element-0cdb054 elementor-widget elementor-widget-posts-list-one\" data-id=\"0cdb054\" data-element_type=\"widget\" data-e-type=\"widget\" data-widget_type=\"posts-list-one.default\">\n\t\t\t\t<div class=\"elementor-widget-container\">\n\t\t\t\t\t\n\t\t\t\t\n\t\t\n\t\t<div class=\"news_post_list_design post-list-wrapper-one\">\n\t\t\n\t\t<div class=\"row\">\n\t\t\n        \t\t\n\t\t\t<div class=\"col-lg-6\">\n\t\t\n\t\t\t\t\n\t\t\t\t<div class=\"post-list-wrapper-one-inner\">\n\t\t\t\t\n\t\t\t\t\t<div class=\"list-thumbnail-one-wrap\">\n\t\t\t\t\t\t<a href=\"https:\/\/www.foodieandtraveler.com\/index.php\/punta-cana-recibe-el-inicio-de-restaurant-week-2026-y-la-ruta-culinaria-nacional\/\" class=\"post-list-thumbnail-one\">\n\t\t\t\t\t\t\t<img decoding=\"async\" src=\"https:\/\/www.foodieandtraveler.com\/wp-content\/uploads\/2026\/09\/Cocina-dominicana-sancocho-mofongo-pescado-frito-playa-beach-Restaurant-Week-2026-Punta-Cana.jpg\" alt=\"Punta Cana recibe el inicio de Restaurant Week 2026 y la ruta culinaria nacional\">\n\t\t\t\t\t\t<\/a>\n\t\t\t\t\t<\/div>\n\t\t\t\t\n\t\t\t\t\t<div class=\"post-list-content-one align-self-center\">\n\t\t\t\t\t\t\n\t\t\t\t\t\t<h2 class=\"post-title\">\n\t\t\t\t\t\t\t<a href=\"https:\/\/www.foodieandtraveler.com\/index.php\/punta-cana-recibe-el-inicio-de-restaurant-week-2026-y-la-ruta-culinaria-nacional\/\">Punta Cana recibe el inicio de Restaurant Week 2026 y la ruta culinaria nacional<\/a>\n\t\t\t\t\t\t<\/h2>\n\n\t\t\t\t\t\t\t\t\n\n\n\t\t\t\t\t\t<div class=\"post-meta-items mt-3\">\n\t\t\t\t\t\t\n\t\t\t\t\t\t\t\n\t\t\t\t\t\t\n\t\t\t\t\t\t\t\n\t\t\t\t\t\t\t<div class=\"category-box normal-meta-color\">\n\t\t\t\t\t\t\t \n   \n\t \n\n\t\n\t<a class=\"news-cat_Name\" href=\"https:\/\/www.foodieandtraveler.com\/index.php\/category\/chef\/\">\n\t\tChef\t<\/a>\n   \n\t\n\t<a class=\"news-cat_Name\" href=\"https:\/\/www.foodieandtraveler.com\/index.php\/category\/cocina-dominicana\/\">\n\t\tCocina Dominicana\t<\/a>\n   \n\t\n\t<a class=\"news-cat_Name\" href=\"https:\/\/www.foodieandtraveler.com\/index.php\/category\/destinos\/\">\n\t\tDestinos\t<\/a>\n   \n\t\n\t<a class=\"news-cat_Name\" href=\"https:\/\/www.foodieandtraveler.com\/index.php\/category\/evento-gastronomico\/\">\n\t\tEvento Gastronomico\t<\/a>\n   \n\t\n\t<a class=\"news-cat_Name\" href=\"https:\/\/www.foodieandtraveler.com\/index.php\/category\/experiencia-gastronomica\/\">\n\t\tExperiencia Gastron\u00f3mica\t<\/a>\n   \n\t\n\t<a class=\"news-cat_Name\" href=\"https:\/\/www.foodieandtraveler.com\/index.php\/category\/foodies\/\">\n\t\tFoodies\t<\/a>\n   \n\t\n\t<a class=\"news-cat_Name\" href=\"https:\/\/www.foodieandtraveler.com\/index.php\/category\/gastronomia\/\">\n\t\tGastronom\u00eda\t<\/a>\n   \n\t\n\t<a class=\"news-cat_Name\" href=\"https:\/\/www.foodieandtraveler.com\/index.php\/category\/restaurantes\/\">\n\t\tRestaurantes\t<\/a>\n   \n\t\n\t<a class=\"news-cat_Name\" href=\"https:\/\/www.foodieandtraveler.com\/index.php\/category\/solo-para-sibaritas\/\">\n\t\tS\u00f3lo para sibaritas\t<\/a>\n   \n\t\t\t\t\t\t\t\t<\/div>\n\t\t\t\t\t\t\t\n\t\t\t\t\t\t\n\t\t\t\t\t\t\n\t\t\t\t\t\t\t\t\t\t\t\t\t<div class=\"date-box normal-meta-color\">\n\t\t\t\t\t\t\tseptiembre 2, 2026\t\t\t\t\t\t\t<\/div>\n\t\t\t\t\t\t\t\n\t\t\t\t\t\t\n\t\t\t\t\t\n\t\t\t\t\t\t\t\t\t\t\t\t\n\t\t\t\t\t\t\t\t\t\t\t\t\n\t\t\t\t\t\t\n\t\t\t\t\t\t<\/div>\n\n\t\t\t\t\t<\/div>\n\t\t\t\t\t\n\n\t\t\t\t<\/div>\n\t\t\t\t\n\t\t\t<\/div>\n\t\t\t\n\t\t\t\t\n\t\t\t<div class=\"col-lg-6\">\n\t\t\n\t\t\t\t\n\t\t\t\t<div class=\"post-list-wrapper-one-inner\">\n\t\t\t\t\n\t\t\t\t\t<div class=\"list-thumbnail-one-wrap\">\n\t\t\t\t\t\t<a href=\"https:\/\/www.foodieandtraveler.com\/index.php\/madrid-se-convierte-en-un-circuito-de-cocteleria-gracias-al-hotel-fenix-gran-melia-y-la-formula-1\/\" class=\"post-list-thumbnail-one\">\n\t\t\t\t\t\t\t<img decoding=\"async\" src=\"https:\/\/www.foodieandtraveler.com\/wp-content\/uploads\/2026\/09\/Balmorals-Grid-Image-Visual-1.jpeg\" alt=\"Madrid se convierte en un circuito de cocteler\u00eda gracias al Hotel F\u00e9nix Gran Meli\u00e1 y la F\u00f3rmula 1\">\n\t\t\t\t\t\t<\/a>\n\t\t\t\t\t<\/div>\n\t\t\t\t\n\t\t\t\t\t<div class=\"post-list-content-one align-self-center\">\n\t\t\t\t\t\t\n\t\t\t\t\t\t<h2 class=\"post-title\">\n\t\t\t\t\t\t\t<a href=\"https:\/\/www.foodieandtraveler.com\/index.php\/madrid-se-convierte-en-un-circuito-de-cocteleria-gracias-al-hotel-fenix-gran-melia-y-la-formula-1\/\">Madrid se convierte en un circuito de cocteler\u00eda gracias al Hotel F\u00e9nix Gran Meli\u00e1 y la F\u00f3rmula 1<\/a>\n\t\t\t\t\t\t<\/h2>\n\n\t\t\t\t\t\t\t\t\n\n\n\t\t\t\t\t\t<div class=\"post-meta-items mt-3\">\n\t\t\t\t\t\t\n\t\t\t\t\t\t\t\n\t\t\t\t\t\t\n\t\t\t\t\t\t\t\n\t\t\t\t\t\t\t<div class=\"category-box normal-meta-color\">\n\t\t\t\t\t\t\t \n   \n\t \n\n\t\n\t<a class=\"news-cat_Name\" href=\"https:\/\/www.foodieandtraveler.com\/index.php\/category\/featured\/\">\n\t\tDestacados\t<\/a>\n   \n\t\n\t<a class=\"news-cat_Name\" href=\"https:\/\/www.foodieandtraveler.com\/index.php\/category\/estilo-de-vida\/\">\n\t\tEstilo de Vida\t<\/a>\n   \n\t\n\t<a class=\"news-cat_Name\" href=\"https:\/\/www.foodieandtraveler.com\/index.php\/category\/evento-gastronomico\/\">\n\t\tEvento Gastronomico\t<\/a>\n   \n\t\n\t<a class=\"news-cat_Name\" href=\"https:\/\/www.foodieandtraveler.com\/index.php\/category\/experiencia-gastronomica\/\">\n\t\tExperiencia Gastron\u00f3mica\t<\/a>\n   \n\t\n\t<a class=\"news-cat_Name\" href=\"https:\/\/www.foodieandtraveler.com\/index.php\/category\/hoteles\/\">\n\t\tHoteles\t<\/a>\n   \n\t\n\t<a class=\"news-cat_Name\" href=\"https:\/\/www.foodieandtraveler.com\/index.php\/category\/sports\/\">\n\t\tSports\t<\/a>\n   \n\t\n\t<a class=\"news-cat_Name\" href=\"https:\/\/www.foodieandtraveler.com\/index.php\/category\/turismo\/\">\n\t\tTurismo\t<\/a>\n   \n\t\n\t<a class=\"news-cat_Name\" href=\"https:\/\/www.foodieandtraveler.com\/index.php\/category\/turismo-deportivo\/\">\n\t\tTurismo Deportivo\t<\/a>\n   \n\t\t\t\t\t\t\t\t<\/div>\n\t\t\t\t\t\t\t\n\t\t\t\t\t\t\n\t\t\t\t\t\t\n\t\t\t\t\t\t\t\t\t\t\t\t\t<div class=\"date-box normal-meta-color\">\n\t\t\t\t\t\t\tseptiembre 2, 2026\t\t\t\t\t\t\t<\/div>\n\t\t\t\t\t\t\t\n\t\t\t\t\t\t\n\t\t\t\t\t\n\t\t\t\t\t\t\t\t\t\t\t\t\n\t\t\t\t\t\t\t\t\t\t\t\t\n\t\t\t\t\t\t\n\t\t\t\t\t\t<\/div>\n\n\t\t\t\t\t<\/div>\n\t\t\t\t\t\n\n\t\t\t\t<\/div>\n\t\t\t\t\n\t\t\t<\/div>\n\t\t\t\n\t\t\t\t\n\t\t\t<div class=\"col-lg-6\">\n\t\t\n\t\t\t\t\n\t\t\t\t<div class=\"post-list-wrapper-one-inner\">\n\t\t\t\t\n\t\t\t\t\t<div class=\"list-thumbnail-one-wrap\">\n\t\t\t\t\t\t<a href=\"https:\/\/www.foodieandtraveler.com\/index.php\/hosteleria-summit-2026-se-renueva-para-impulsar-la-conexion-entre-gastronomia-hoteleria-innovacion-y-negocios\/\" class=\"post-list-thumbnail-one\">\n\t\t\t\t\t\t\t<img decoding=\"async\" src=\"https:\/\/www.foodieandtraveler.com\/wp-content\/uploads\/2026\/09\/Hosteleria-Summit-2026-regresa-renovado-para-conectar-gastronomia-hoteleria-innovacion-y-negocios-scaled.jpeg\" alt=\"Hosteler\u00eda Summit 2026 se renueva para impulsar la conexi\u00f3n entre gastronom\u00eda, hoteler\u00eda, innovaci\u00f3n y negocios\">\n\t\t\t\t\t\t<\/a>\n\t\t\t\t\t<\/div>\n\t\t\t\t\n\t\t\t\t\t<div class=\"post-list-content-one align-self-center\">\n\t\t\t\t\t\t\n\t\t\t\t\t\t<h2 class=\"post-title\">\n\t\t\t\t\t\t\t<a href=\"https:\/\/www.foodieandtraveler.com\/index.php\/hosteleria-summit-2026-se-renueva-para-impulsar-la-conexion-entre-gastronomia-hoteleria-innovacion-y-negocios\/\">Hosteler\u00eda Summit 2026 se renueva para impulsar la conexi\u00f3n entre gastronom\u00eda, hoteler\u00eda, innovaci\u00f3n y negocios<\/a>\n\t\t\t\t\t\t<\/h2>\n\n\t\t\t\t\t\t\t\t\n\n\n\t\t\t\t\t\t<div class=\"post-meta-items mt-3\">\n\t\t\t\t\t\t\n\t\t\t\t\t\t\t\n\t\t\t\t\t\t\n\t\t\t\t\t\t\t\n\t\t\t\t\t\t\t<div class=\"category-box normal-meta-color\">\n\t\t\t\t\t\t\t \n   \n\t \n\n\t\n\t<a class=\"news-cat_Name\" href=\"https:\/\/www.foodieandtraveler.com\/index.php\/category\/evento-gastronomico\/\">\n\t\tEvento Gastronomico\t<\/a>\n   \n\t\n\t<a class=\"news-cat_Name\" href=\"https:\/\/www.foodieandtraveler.com\/index.php\/category\/experiencia-gastronomica\/\">\n\t\tExperiencia Gastron\u00f3mica\t<\/a>\n   \n\t\n\t<a class=\"news-cat_Name\" href=\"https:\/\/www.foodieandtraveler.com\/index.php\/category\/foodies\/\">\n\t\tFoodies\t<\/a>\n   \n\t\n\t<a class=\"news-cat_Name\" href=\"https:\/\/www.foodieandtraveler.com\/index.php\/category\/gastronomia\/\">\n\t\tGastronom\u00eda\t<\/a>\n   \n\t\n\t<a class=\"news-cat_Name\" href=\"https:\/\/www.foodieandtraveler.com\/index.php\/category\/pasteleria-3\/\">\n\t\tPasteler\u00eda\t<\/a>\n   \n\t\n\t<a class=\"news-cat_Name\" href=\"https:\/\/www.foodieandtraveler.com\/index.php\/category\/restaurantes\/\">\n\t\tRestaurantes\t<\/a>\n   \n\t\t\t\t\t\t\t\t<\/div>\n\t\t\t\t\t\t\t\n\t\t\t\t\t\t\n\t\t\t\t\t\t\n\t\t\t\t\t\t\t\t\t\t\t\t\t<div class=\"date-box normal-meta-color\">\n\t\t\t\t\t\t\tseptiembre 1, 2026\t\t\t\t\t\t\t<\/div>\n\t\t\t\t\t\t\t\n\t\t\t\t\t\t\n\t\t\t\t\t\n\t\t\t\t\t\t\t\t\t\t\t\t\n\t\t\t\t\t\t\t\t\t\t\t\t\n\t\t\t\t\t\t\n\t\t\t\t\t\t<\/div>\n\n\t\t\t\t\t<\/div>\n\t\t\t\t\t\n\n\t\t\t\t<\/div>\n\t\t\t\t\n\t\t\t<\/div>\n\t\t\t\n\t\t\t\t\n\t\t\t<div class=\"col-lg-6\">\n\t\t\n\t\t\t\t\n\t\t\t\t<div class=\"post-list-wrapper-one-inner\">\n\t\t\t\t\n\t\t\t\t\t<div class=\"list-thumbnail-one-wrap\">\n\t\t\t\t\t\t<a href=\"https:\/\/www.foodieandtraveler.com\/index.php\/descubre-los-sabores-del-pais-restaurant-week-2026-inaugura-el-mes-de-la-gastronomia\/\" class=\"post-list-thumbnail-one\">\n\t\t\t\t\t\t\t<img decoding=\"async\" src=\"https:\/\/www.foodieandtraveler.com\/wp-content\/uploads\/2026\/08\/Descubre-los-sabores-del-pais-Restaurant-Week-2026-inaugura-el-Mes-de-la-Gastronomia-scaled.jpeg\" alt=\"Descubre los sabores del pa\u00eds: Restaurant Week 2026 inaugura el Mes de la Gastronom\u00eda\">\n\t\t\t\t\t\t<\/a>\n\t\t\t\t\t<\/div>\n\t\t\t\t\n\t\t\t\t\t<div class=\"post-list-content-one align-self-center\">\n\t\t\t\t\t\t\n\t\t\t\t\t\t<h2 class=\"post-title\">\n\t\t\t\t\t\t\t<a href=\"https:\/\/www.foodieandtraveler.com\/index.php\/descubre-los-sabores-del-pais-restaurant-week-2026-inaugura-el-mes-de-la-gastronomia\/\">Descubre los sabores del pa\u00eds: Restaurant Week 2026 inaugura el Mes de la Gastronom\u00eda<\/a>\n\t\t\t\t\t\t<\/h2>\n\n\t\t\t\t\t\t\t\t\n\n\n\t\t\t\t\t\t<div class=\"post-meta-items mt-3\">\n\t\t\t\t\t\t\n\t\t\t\t\t\t\t\n\t\t\t\t\t\t\n\t\t\t\t\t\t\t\n\t\t\t\t\t\t\t<div class=\"category-box normal-meta-color\">\n\t\t\t\t\t\t\t \n   \n\t \n\n\t\n\t<a class=\"news-cat_Name\" href=\"https:\/\/www.foodieandtraveler.com\/index.php\/category\/evento-gastronomico\/\">\n\t\tEvento Gastronomico\t<\/a>\n   \n\t\n\t<a class=\"news-cat_Name\" href=\"https:\/\/www.foodieandtraveler.com\/index.php\/category\/experiencia-gastronomica\/\">\n\t\tExperiencia Gastron\u00f3mica\t<\/a>\n   \n\t\n\t<a class=\"news-cat_Name\" href=\"https:\/\/www.foodieandtraveler.com\/index.php\/category\/foodies\/\">\n\t\tFoodies\t<\/a>\n   \n\t\n\t<a class=\"news-cat_Name\" href=\"https:\/\/www.foodieandtraveler.com\/index.php\/category\/gastronomia\/\">\n\t\tGastronom\u00eda\t<\/a>\n   \n\t\n\t<a class=\"news-cat_Name\" href=\"https:\/\/www.foodieandtraveler.com\/index.php\/category\/sector-hotelero\/\">\n\t\tSector Hotelero\t<\/a>\n   \n\t\n\t<a class=\"news-cat_Name\" href=\"https:\/\/www.foodieandtraveler.com\/index.php\/category\/solo-para-sibaritas\/\">\n\t\tS\u00f3lo para sibaritas\t<\/a>\n   \n\t\n\t<a class=\"news-cat_Name\" href=\"https:\/\/www.foodieandtraveler.com\/index.php\/category\/tendencias-gastronomicas\/\">\n\t\tTendencias Gastron\u00f3micas\t<\/a>\n   \n\t\n\t<a class=\"news-cat_Name\" href=\"https:\/\/www.foodieandtraveler.com\/index.php\/category\/turismo\/\">\n\t\tTurismo\t<\/a>\n   \n\t\t\t\t\t\t\t\t<\/div>\n\t\t\t\t\t\t\t\n\t\t\t\t\t\t\n\t\t\t\t\t\t\n\t\t\t\t\t\t\t\t\t\t\t\t\t<div class=\"date-box normal-meta-color\">\n\t\t\t\t\t\t\tagosto 26, 2026\t\t\t\t\t\t\t<\/div>\n\t\t\t\t\t\t\t\n\t\t\t\t\t\t\n\t\t\t\t\t\n\t\t\t\t\t\t\t\t\t\t\t\t\n\t\t\t\t\t\t\t\t\t\t\t\t\n\t\t\t\t\t\t\n\t\t\t\t\t\t<\/div>\n\n\t\t\t\t\t<\/div>\n\t\t\t\t\t\n\n\t\t\t\t<\/div>\n\t\t\t\t\n\t\t\t<\/div>\n\t\t\t\n\t\t\t\t\n        <\/div> \n\t\t\n\t\t<\/div>\n\t\t\n\t\t\t\t\n\t\t\t\t\n\t\n\t\t\t\t\t\t<\/div>\n\t\t\t\t<\/div>\n\t\t\t\t\t<\/div>\n\t\t<\/div>\n\t\t\t\t<div class=\"elementor-column elementor-col-50 elementor-top-column elementor-element elementor-element-ec24ead\" data-id=\"ec24ead\" data-element_type=\"column\" data-e-type=\"column\">\n\t\t\t<div class=\"elementor-widget-wrap elementor-element-populated\">\n\t\t\t\t\t\t<div class=\"elementor-element elementor-element-ef7100c elementor-widget elementor-widget-heading\" data-id=\"ef7100c\" data-element_type=\"widget\" data-e-type=\"widget\" data-widget_type=\"heading.default\">\n\t\t\t\t<div class=\"elementor-widget-container\">\n\t\t\t\t\t<h2 class=\"elementor-heading-title elementor-size-default\">Restaurantes<\/h2>\t\t\t\t<\/div>\n\t\t\t\t<\/div>\n\t\t\t\t<div class=\"elementor-element elementor-element-5462907 elementor-widget elementor-widget-posts-list-one\" data-id=\"5462907\" data-element_type=\"widget\" data-e-type=\"widget\" data-widget_type=\"posts-list-one.default\">\n\t\t\t\t<div class=\"elementor-widget-container\">\n\t\t\t\t\t\n\t\t\t\t\n\t\t\n\t\t<div class=\"news_post_list_design post-list-wrapper-one\">\n\t\t\n\t\t<div class=\"row\">\n\t\t\n        \t\t\n\t\t\t<div class=\"col-lg-12\">\n\t\t\n\t\t\t\t\n\t\t\t\t<div class=\"post-list-wrapper-one-inner\">\n\t\t\t\t\n\t\t\t\t\t<div class=\"list-thumbnail-one-wrap\">\n\t\t\t\t\t\t<a href=\"https:\/\/www.foodieandtraveler.com\/index.php\/punta-cana-recibe-el-inicio-de-restaurant-week-2026-y-la-ruta-culinaria-nacional\/\" class=\"post-list-thumbnail-one\">\n\t\t\t\t\t\t\t<img decoding=\"async\" src=\"https:\/\/www.foodieandtraveler.com\/wp-content\/uploads\/2026\/09\/Cocina-dominicana-sancocho-mofongo-pescado-frito-playa-beach-Restaurant-Week-2026-Punta-Cana.jpg\" alt=\"Punta Cana recibe el inicio de Restaurant Week 2026 y la ruta culinaria nacional\">\n\t\t\t\t\t\t<\/a>\n\t\t\t\t\t<\/div>\n\t\t\t\t\n\t\t\t\t\t<div class=\"post-list-content-one align-self-center\">\n\t\t\t\t\t\t\n\t\t\t\t\t\t<h2 class=\"post-title\">\n\t\t\t\t\t\t\t<a href=\"https:\/\/www.foodieandtraveler.com\/index.php\/punta-cana-recibe-el-inicio-de-restaurant-week-2026-y-la-ruta-culinaria-nacional\/\">Punta Cana recibe el inicio de Restaurant Week 2026 y la ruta culinaria nacional<\/a>\n\t\t\t\t\t\t<\/h2>\n\n\t\t\t\t\t\t\t\t\n\n\n\t\t\t\t\t\t<div class=\"post-meta-items mt-3\">\n\t\t\t\t\t\t\n\t\t\t\t\t\t\t\n\t\t\t\t\t\t\n\t\t\t\t\t\t\t\n\t\t\t\t\t\t\t<div class=\"category-box normal-meta-color\">\n\t\t\t\t\t\t\t \n   \n\t \n\n\t\n\t<a class=\"news-cat_Name\" href=\"https:\/\/www.foodieandtraveler.com\/index.php\/category\/chef\/\">\n\t\tChef\t<\/a>\n   \n\t\n\t<a class=\"news-cat_Name\" href=\"https:\/\/www.foodieandtraveler.com\/index.php\/category\/cocina-dominicana\/\">\n\t\tCocina Dominicana\t<\/a>\n   \n\t\n\t<a class=\"news-cat_Name\" href=\"https:\/\/www.foodieandtraveler.com\/index.php\/category\/destinos\/\">\n\t\tDestinos\t<\/a>\n   \n\t\n\t<a class=\"news-cat_Name\" href=\"https:\/\/www.foodieandtraveler.com\/index.php\/category\/evento-gastronomico\/\">\n\t\tEvento Gastronomico\t<\/a>\n   \n\t\n\t<a class=\"news-cat_Name\" href=\"https:\/\/www.foodieandtraveler.com\/index.php\/category\/experiencia-gastronomica\/\">\n\t\tExperiencia Gastron\u00f3mica\t<\/a>\n   \n\t\n\t<a class=\"news-cat_Name\" href=\"https:\/\/www.foodieandtraveler.com\/index.php\/category\/foodies\/\">\n\t\tFoodies\t<\/a>\n   \n\t\n\t<a class=\"news-cat_Name\" href=\"https:\/\/www.foodieandtraveler.com\/index.php\/category\/gastronomia\/\">\n\t\tGastronom\u00eda\t<\/a>\n   \n\t\n\t<a class=\"news-cat_Name\" href=\"https:\/\/www.foodieandtraveler.com\/index.php\/category\/restaurantes\/\">\n\t\tRestaurantes\t<\/a>\n   \n\t\n\t<a class=\"news-cat_Name\" href=\"https:\/\/www.foodieandtraveler.com\/index.php\/category\/solo-para-sibaritas\/\">\n\t\tS\u00f3lo para sibaritas\t<\/a>\n   \n\t\t\t\t\t\t\t\t<\/div>\n\t\t\t\t\t\t\t\n\t\t\t\t\t\t\n\t\t\t\t\t\t\n\t\t\t\t\t\t\t\t\t\t\t\t\t<div class=\"date-box normal-meta-color\">\n\t\t\t\t\t\t\tseptiembre 2, 2026\t\t\t\t\t\t\t<\/div>\n\t\t\t\t\t\t\t\n\t\t\t\t\t\t\n\t\t\t\t\t\n\t\t\t\t\t\t\t\t\t\t\t\t\n\t\t\t\t\t\t\t\t\t\t\t\t\n\t\t\t\t\t\t\n\t\t\t\t\t\t<\/div>\n\n\t\t\t\t\t<\/div>\n\t\t\t\t\t\n\n\t\t\t\t<\/div>\n\t\t\t\t\n\t\t\t<\/div>\n\t\t\t\n\t\t\t\t\n\t\t\t<div class=\"col-lg-12\">\n\t\t\n\t\t\t\t\n\t\t\t\t<div class=\"post-list-wrapper-one-inner\">\n\t\t\t\t\n\t\t\t\t\t<div class=\"list-thumbnail-one-wrap\">\n\t\t\t\t\t\t<a href=\"https:\/\/www.foodieandtraveler.com\/index.php\/hosteleria-summit-2026-se-renueva-para-impulsar-la-conexion-entre-gastronomia-hoteleria-innovacion-y-negocios\/\" class=\"post-list-thumbnail-one\">\n\t\t\t\t\t\t\t<img decoding=\"async\" src=\"https:\/\/www.foodieandtraveler.com\/wp-content\/uploads\/2026\/09\/Hosteleria-Summit-2026-regresa-renovado-para-conectar-gastronomia-hoteleria-innovacion-y-negocios-scaled.jpeg\" alt=\"Hosteler\u00eda Summit 2026 se renueva para impulsar la conexi\u00f3n entre gastronom\u00eda, hoteler\u00eda, innovaci\u00f3n y negocios\">\n\t\t\t\t\t\t<\/a>\n\t\t\t\t\t<\/div>\n\t\t\t\t\n\t\t\t\t\t<div class=\"post-list-content-one align-self-center\">\n\t\t\t\t\t\t\n\t\t\t\t\t\t<h2 class=\"post-title\">\n\t\t\t\t\t\t\t<a href=\"https:\/\/www.foodieandtraveler.com\/index.php\/hosteleria-summit-2026-se-renueva-para-impulsar-la-conexion-entre-gastronomia-hoteleria-innovacion-y-negocios\/\">Hosteler\u00eda Summit 2026 se renueva para impulsar la conexi\u00f3n entre gastronom\u00eda, hoteler\u00eda, innovaci\u00f3n y negocios<\/a>\n\t\t\t\t\t\t<\/h2>\n\n\t\t\t\t\t\t\t\t\n\n\n\t\t\t\t\t\t<div class=\"post-meta-items mt-3\">\n\t\t\t\t\t\t\n\t\t\t\t\t\t\t\n\t\t\t\t\t\t\n\t\t\t\t\t\t\t\n\t\t\t\t\t\t\t<div class=\"category-box normal-meta-color\">\n\t\t\t\t\t\t\t \n   \n\t \n\n\t\n\t<a class=\"news-cat_Name\" href=\"https:\/\/www.foodieandtraveler.com\/index.php\/category\/evento-gastronomico\/\">\n\t\tEvento Gastronomico\t<\/a>\n   \n\t\n\t<a class=\"news-cat_Name\" href=\"https:\/\/www.foodieandtraveler.com\/index.php\/category\/experiencia-gastronomica\/\">\n\t\tExperiencia Gastron\u00f3mica\t<\/a>\n   \n\t\n\t<a class=\"news-cat_Name\" href=\"https:\/\/www.foodieandtraveler.com\/index.php\/category\/foodies\/\">\n\t\tFoodies\t<\/a>\n   \n\t\n\t<a class=\"news-cat_Name\" href=\"https:\/\/www.foodieandtraveler.com\/index.php\/category\/gastronomia\/\">\n\t\tGastronom\u00eda\t<\/a>\n   \n\t\n\t<a class=\"news-cat_Name\" href=\"https:\/\/www.foodieandtraveler.com\/index.php\/category\/pasteleria-3\/\">\n\t\tPasteler\u00eda\t<\/a>\n   \n\t\n\t<a class=\"news-cat_Name\" href=\"https:\/\/www.foodieandtraveler.com\/index.php\/category\/restaurantes\/\">\n\t\tRestaurantes\t<\/a>\n   \n\t\t\t\t\t\t\t\t<\/div>\n\t\t\t\t\t\t\t\n\t\t\t\t\t\t\n\t\t\t\t\t\t\n\t\t\t\t\t\t\t\t\t\t\t\t\t<div class=\"date-box normal-meta-color\">\n\t\t\t\t\t\t\tseptiembre 1, 2026\t\t\t\t\t\t\t<\/div>\n\t\t\t\t\t\t\t\n\t\t\t\t\t\t\n\t\t\t\t\t\n\t\t\t\t\t\t\t\t\t\t\t\t\n\t\t\t\t\t\t\t\t\t\t\t\t\n\t\t\t\t\t\t\n\t\t\t\t\t\t<\/div>\n\n\t\t\t\t\t<\/div>\n\t\t\t\t\t\n\n\t\t\t\t<\/div>\n\t\t\t\t\n\t\t\t<\/div>\n\t\t\t\n\t\t\t\t\n\t\t\t<div class=\"col-lg-12\">\n\t\t\n\t\t\t\t\n\t\t\t\t<div class=\"post-list-wrapper-one-inner\">\n\t\t\t\t\n\t\t\t\t\t<div class=\"list-thumbnail-one-wrap\">\n\t\t\t\t\t\t<a href=\"https:\/\/www.foodieandtraveler.com\/index.php\/restaurant-week-2026-aderes-y-asonahores-reunen-mas-de-200-restaurantes-en-cinco-destinos-del-pais\/\" class=\"post-list-thumbnail-one\">\n\t\t\t\t\t\t\t<img decoding=\"async\" src=\"https:\/\/www.foodieandtraveler.com\/wp-content\/uploads\/2026\/08\/Antonio-Francisco-Gonzalez-Juvenal-Pina-Filipo-CicconeGiancarlo-Bonarelli-Lissette-Olivares-Ariel-Taverez-y-Omar-Cepeda.jpeg\" alt=\"Restaurant Week 2026: ADERES y ASONAHORES re\u00fanen m\u00e1s de 200 restaurantes en cinco destinos del pa\u00eds\">\n\t\t\t\t\t\t<\/a>\n\t\t\t\t\t<\/div>\n\t\t\t\t\n\t\t\t\t\t<div class=\"post-list-content-one align-self-center\">\n\t\t\t\t\t\t\n\t\t\t\t\t\t<h2 class=\"post-title\">\n\t\t\t\t\t\t\t<a href=\"https:\/\/www.foodieandtraveler.com\/index.php\/restaurant-week-2026-aderes-y-asonahores-reunen-mas-de-200-restaurantes-en-cinco-destinos-del-pais\/\">Restaurant Week 2026: ADERES y ASONAHORES re\u00fanen m\u00e1s de 200 restaurantes en cinco destinos del pa\u00eds<\/a>\n\t\t\t\t\t\t<\/h2>\n\n\t\t\t\t\t\t\t\t\n\n\n\t\t\t\t\t\t<div class=\"post-meta-items mt-3\">\n\t\t\t\t\t\t\n\t\t\t\t\t\t\t\n\t\t\t\t\t\t\n\t\t\t\t\t\t\t\n\t\t\t\t\t\t\t<div class=\"category-box normal-meta-color\">\n\t\t\t\t\t\t\t \n   \n\t \n\n\t\n\t<a class=\"news-cat_Name\" href=\"https:\/\/www.foodieandtraveler.com\/index.php\/category\/evento-gastronomico\/\">\n\t\tEvento Gastronomico\t<\/a>\n   \n\t\n\t<a class=\"news-cat_Name\" href=\"https:\/\/www.foodieandtraveler.com\/index.php\/category\/experiencia-gastronomica\/\">\n\t\tExperiencia Gastron\u00f3mica\t<\/a>\n   \n\t\n\t<a class=\"news-cat_Name\" href=\"https:\/\/www.foodieandtraveler.com\/index.php\/category\/foodies\/\">\n\t\tFoodies\t<\/a>\n   \n\t\n\t<a class=\"news-cat_Name\" href=\"https:\/\/www.foodieandtraveler.com\/index.php\/category\/gastronomia\/\">\n\t\tGastronom\u00eda\t<\/a>\n   \n\t\n\t<a class=\"news-cat_Name\" href=\"https:\/\/www.foodieandtraveler.com\/index.php\/category\/restaurantes\/\">\n\t\tRestaurantes\t<\/a>\n   \n\t\n\t<a class=\"news-cat_Name\" href=\"https:\/\/www.foodieandtraveler.com\/index.php\/category\/solo-para-sibaritas\/\">\n\t\tS\u00f3lo para sibaritas\t<\/a>\n   \n\t\n\t<a class=\"news-cat_Name\" href=\"https:\/\/www.foodieandtraveler.com\/index.php\/category\/turismo\/\">\n\t\tTurismo\t<\/a>\n   \n\t\t\t\t\t\t\t\t<\/div>\n\t\t\t\t\t\t\t\n\t\t\t\t\t\t\n\t\t\t\t\t\t\n\t\t\t\t\t\t\t\t\t\t\t\t\t<div class=\"date-box normal-meta-color\">\n\t\t\t\t\t\t\tagosto 20, 2026\t\t\t\t\t\t\t<\/div>\n\t\t\t\t\t\t\t\n\t\t\t\t\t\t\n\t\t\t\t\t\n\t\t\t\t\t\t\t\t\t\t\t\t\n\t\t\t\t\t\t\t\t\t\t\t\t\n\t\t\t\t\t\t\n\t\t\t\t\t\t<\/div>\n\n\t\t\t\t\t<\/div>\n\t\t\t\t\t\n\n\t\t\t\t<\/div>\n\t\t\t\t\n\t\t\t<\/div>\n\t\t\t\n\t\t\t\t\n\t\t\t<div class=\"col-lg-12\">\n\t\t\n\t\t\t\t\n\t\t\t\t<div class=\"post-list-wrapper-one-inner\">\n\t\t\t\t\n\t\t\t\t\t<div class=\"list-thumbnail-one-wrap\">\n\t\t\t\t\t\t<a href=\"https:\/\/www.foodieandtraveler.com\/index.php\/historias-que-se-cocinan-la-nueva-apuesta-literaria-de-la-periodista-gabriela-hungria\/\" class=\"post-list-thumbnail-one\">\n\t\t\t\t\t\t\t<img decoding=\"async\" src=\"https:\/\/www.foodieandtraveler.com\/wp-content\/uploads\/2026\/08\/Historias-que-se-cocinan-Gabriella-Hungria-cocina-food-recetario-.jpeg\" alt=\"Historias que se cocinan: la nueva apuesta literaria de la periodista Gabriela Hungr\u00eda\">\n\t\t\t\t\t\t<\/a>\n\t\t\t\t\t<\/div>\n\t\t\t\t\n\t\t\t\t\t<div class=\"post-list-content-one align-self-center\">\n\t\t\t\t\t\t\n\t\t\t\t\t\t<h2 class=\"post-title\">\n\t\t\t\t\t\t\t<a href=\"https:\/\/www.foodieandtraveler.com\/index.php\/historias-que-se-cocinan-la-nueva-apuesta-literaria-de-la-periodista-gabriela-hungria\/\">Historias que se cocinan: la nueva apuesta literaria de la periodista Gabriela Hungr\u00eda<\/a>\n\t\t\t\t\t\t<\/h2>\n\n\t\t\t\t\t\t\t\t\n\n\n\t\t\t\t\t\t<div class=\"post-meta-items mt-3\">\n\t\t\t\t\t\t\n\t\t\t\t\t\t\t\n\t\t\t\t\t\t\n\t\t\t\t\t\t\t\n\t\t\t\t\t\t\t<div class=\"category-box normal-meta-color\">\n\t\t\t\t\t\t\t \n   \n\t \n\n\t\n\t<a class=\"news-cat_Name\" href=\"https:\/\/www.foodieandtraveler.com\/index.php\/category\/featured\/\">\n\t\tDestacados\t<\/a>\n   \n\t\n\t<a class=\"news-cat_Name\" href=\"https:\/\/www.foodieandtraveler.com\/index.php\/category\/emprendedores\/\">\n\t\tEmprendedores\t<\/a>\n   \n\t\n\t<a class=\"news-cat_Name\" href=\"https:\/\/www.foodieandtraveler.com\/index.php\/category\/foodies\/\">\n\t\tFoodies\t<\/a>\n   \n\t\n\t<a class=\"news-cat_Name\" href=\"https:\/\/www.foodieandtraveler.com\/index.php\/category\/gastronomia\/\">\n\t\tGastronom\u00eda\t<\/a>\n   \n\t\n\t<a class=\"news-cat_Name\" href=\"https:\/\/www.foodieandtraveler.com\/index.php\/category\/restaurantes\/\">\n\t\tRestaurantes\t<\/a>\n   \n\t\t\t\t\t\t\t\t<\/div>\n\t\t\t\t\t\t\t\n\t\t\t\t\t\t\n\t\t\t\t\t\t\n\t\t\t\t\t\t\t\t\t\t\t\t\t<div class=\"date-box normal-meta-color\">\n\t\t\t\t\t\t\tagosto 10, 2026\t\t\t\t\t\t\t<\/div>\n\t\t\t\t\t\t\t\n\t\t\t\t\t\t\n\t\t\t\t\t\n\t\t\t\t\t\t\t\t\t\t\t\t\n\t\t\t\t\t\t\t\t\t\t\t\t\n\t\t\t\t\t\t\n\t\t\t\t\t\t<\/div>\n\n\t\t\t\t\t<\/div>\n\t\t\t\t\t\n\n\t\t\t\t<\/div>\n\t\t\t\t\n\t\t\t<\/div>\n\t\t\t\n\t\t\t\t\n        <\/div> \n\t\t\n\t\t<\/div>\n\t\t\n\t\t\t\t\n\t\t\t\t\n\t\n\t\t\t\t\t\t<\/div>\n\t\t\t\t<\/div>\n\t\t\t\t<div class=\"elementor-element elementor-element-87b4ae2 elementor-widget elementor-widget-shortcode\" data-id=\"87b4ae2\" data-element_type=\"widget\" data-e-type=\"widget\" data-widget_type=\"shortcode.default\">\n\t\t\t\t<div class=\"elementor-widget-container\">\n\t\t\t\t\t\t\t<div class=\"elementor-shortcode\"><div id=\"foodi-876934543\" style=\"margin-left: auto;margin-right: auto;text-align: center;\"><a data-no-instant=\"1\" href=\"https:\/\/www.aireuropa.com\/do\/es\/home\" rel=\"noopener\" class=\"a2t-link\" target=\"_blank\" aria-label=\"300&#215;250\"><img loading=\"lazy\" decoding=\"async\" src=\"https:\/\/www.foodieandtraveler.com\/wp-content\/uploads\/2023\/11\/300x250-2.jpg\" alt=\"\"  width=\"300\" height=\"250\"  style=\"display: inline-block;\" \/><\/a><\/div><\/div>\n\t\t\t\t\t\t<\/div>\n\t\t\t\t<\/div>\n\t\t\t\t\t<\/div>\n\t\t<\/div>\n\t\t\t\t\t<\/div>\n\t\t<\/section>\n\t\t\t\t<section class=\"elementor-section elementor-top-section elementor-element elementor-element-f038787 elementor-section-boxed elementor-section-height-default elementor-section-height-default\" data-id=\"f038787\" data-element_type=\"section\" data-e-type=\"section\" data-settings=\"{&quot;animation&quot;:&quot;none&quot;}\">\n\t\t\t\t\t\t\t<div class=\"elementor-background-overlay\"><\/div>\n\t\t\t\t\t\t\t<div class=\"elementor-container elementor-column-gap-default\">\n\t\t\t\t\t<div class=\"elementor-column elementor-col-100 elementor-top-column elementor-element elementor-element-da2f700 three-col-wrap\" data-id=\"da2f700\" data-element_type=\"column\" data-e-type=\"column\">\n\t\t\t<div class=\"elementor-widget-wrap elementor-element-populated\">\n\t\t\t\t\t\t<div class=\"elementor-element elementor-element-e99a3ff elementor-widget elementor-widget-heading\" data-id=\"e99a3ff\" data-element_type=\"widget\" data-e-type=\"widget\" data-widget_type=\"heading.default\">\n\t\t\t\t<div class=\"elementor-widget-container\">\n\t\t\t\t\t<h2 class=\"elementor-heading-title elementor-size-default\">Solo para Sibaritas<\/h2>\t\t\t\t<\/div>\n\t\t\t\t<\/div>\n\t\t\t\t<div class=\"elementor-element elementor-element-bddde05 elementor-widget elementor-widget-posts-grid-two\" data-id=\"bddde05\" data-element_type=\"widget\" data-e-type=\"widget\" data-widget_type=\"posts-grid-two.default\">\n\t\t\t\t<div class=\"elementor-widget-container\">\n\t\t\t\t\t\n\t\t\t\t\n\t\t\n\t\t<div class=\"news_post_grid_design post-grid-wrapper-one post-gridstyle-one post-gridstyle-two\">\n\t\t\t<div class=\"row\">\n\t\t\n        \t\t\n\t\t\t<div class=\"col-lg-4\">\n\t\t\t\t\n\t\t\t\t<div class=\"post-grid-wrapper-one-inner post-grid-wrapper-two-inner\">\n\t\t\t\t\n\t\t\t\t\t<div class=\"grid-thumbnail-one-wrap grid-thumbnail-two-wrap\">\n\t\t\t\t\t\t<a href=\"https:\/\/www.foodieandtraveler.com\/index.php\/punta-cana-recibe-el-inicio-de-restaurant-week-2026-y-la-ruta-culinaria-nacional\/\" class=\"post-grid-thumbnail-one post-grid-thumbnail-two\">\n\t\t\t\t\t\t\t<img decoding=\"async\" src=\"https:\/\/www.foodieandtraveler.com\/wp-content\/uploads\/2026\/09\/Cocina-dominicana-sancocho-mofongo-pescado-frito-playa-beach-Restaurant-Week-2026-Punta-Cana.jpg\" alt=\"Punta Cana recibe el inicio de Restaurant Week 2026 y la ruta culinaria nacional\">\n\t\t\t\t\t\t<\/a>\n\t\t\t\t\t<\/div>\n\t\t\t\t\n\t\t\t\t\t<div class=\"post-grid-content-one post-grid-content-two\">\n\t\t\t\t\t\t\n\t\t\t\t\t\t\t\n\t\t\t\t\t\t\n\t\t\t\t\t\t<h2 class=\"post-title\">\n\t\t\t\t\t\t\t<a href=\"https:\/\/www.foodieandtraveler.com\/index.php\/punta-cana-recibe-el-inicio-de-restaurant-week-2026-y-la-ruta-culinaria-nacional\/\">Punta Cana recibe el inicio de Restaurant Week 2026 y la ruta culinaria nacional<\/a>\n\t\t\t\t\t\t<\/h2>\n\n\t\t\t\t\t\t\t\t\n\n\n\t\t\t\t\t\t<div class=\"post-meta-items\">\n\t\t\t\t\t\t\n\t\t\t\t\t\t\t\n\t\t\t\t\t\t\n\t\t\t\t\t\t\t\t\t\t\t\t\t<div class=\"date-box\">\n\t\t\t\t\t\t\tseptiembre 2, 2026\t\t\t\t\t\t\t<\/div>\n\t\t\t\t\t\t\t\n\t\t\t\t\t\t\n\t\t\t\t\t\n\t\t\t\t\t\t\t\t\t\t\t\t\n\t\t\t\t\t\t\t\t\t\t\t\t\n\t\t\t\t\t\t\n\t\t\t\t\t\t<\/div>\n\n\t\t\t\t\t<\/div>\n\t\t\t\t\t\n\n\t\t\t\t<\/div>\n\t\t\t\n\t\t\t<\/div>\n\n\n\t\t\t\t\n\t\t\t<div class=\"col-lg-4\">\n\t\t\t\t\n\t\t\t\t<div class=\"post-grid-wrapper-one-inner post-grid-wrapper-two-inner\">\n\t\t\t\t\n\t\t\t\t\t<div class=\"grid-thumbnail-one-wrap grid-thumbnail-two-wrap\">\n\t\t\t\t\t\t<a href=\"https:\/\/www.foodieandtraveler.com\/index.php\/tiempo-espacio-y-silencio-las-nuevas-prioridades-del-viajero-de-lujo\/\" class=\"post-grid-thumbnail-one post-grid-thumbnail-two\">\n\t\t\t\t\t\t\t<img decoding=\"async\" src=\"https:\/\/www.foodieandtraveler.com\/wp-content\/uploads\/2026\/09\/Solo-para-sibaritas-lo-que-busca-el-viajero-moderno-lujo-tiempo-experiencias.jpg\" alt=\"Tiempo, espacio y silencio: las nuevas prioridades del viajero de lujo\">\n\t\t\t\t\t\t<\/a>\n\t\t\t\t\t<\/div>\n\t\t\t\t\n\t\t\t\t\t<div class=\"post-grid-content-one post-grid-content-two\">\n\t\t\t\t\t\t\n\t\t\t\t\t\t\t\n\t\t\t\t\t\t\n\t\t\t\t\t\t<h2 class=\"post-title\">\n\t\t\t\t\t\t\t<a href=\"https:\/\/www.foodieandtraveler.com\/index.php\/tiempo-espacio-y-silencio-las-nuevas-prioridades-del-viajero-de-lujo\/\">Tiempo, espacio y silencio: las nuevas prioridades del viajero de lujo<\/a>\n\t\t\t\t\t\t<\/h2>\n\n\t\t\t\t\t\t\t\t\n\n\n\t\t\t\t\t\t<div class=\"post-meta-items\">\n\t\t\t\t\t\t\n\t\t\t\t\t\t\t\n\t\t\t\t\t\t\n\t\t\t\t\t\t\t\t\t\t\t\t\t<div class=\"date-box\">\n\t\t\t\t\t\t\tseptiembre 2, 2026\t\t\t\t\t\t\t<\/div>\n\t\t\t\t\t\t\t\n\t\t\t\t\t\t\n\t\t\t\t\t\n\t\t\t\t\t\t\t\t\t\t\t\t\n\t\t\t\t\t\t\t\t\t\t\t\t\n\t\t\t\t\t\t\n\t\t\t\t\t\t<\/div>\n\n\t\t\t\t\t<\/div>\n\t\t\t\t\t\n\n\t\t\t\t<\/div>\n\t\t\t\n\t\t\t<\/div>\n\n\n\t\t\t\t\n\t\t\t<div class=\"col-lg-4\">\n\t\t\t\t\n\t\t\t\t<div class=\"post-grid-wrapper-one-inner post-grid-wrapper-two-inner\">\n\t\t\t\t\n\t\t\t\t\t<div class=\"grid-thumbnail-one-wrap grid-thumbnail-two-wrap\">\n\t\t\t\t\t\t<a href=\"https:\/\/www.foodieandtraveler.com\/index.php\/air-europa-anuncia-avances-significativos-en-air-europa-on-con-beneficios-para-pasajeros\/\" class=\"post-grid-thumbnail-one post-grid-thumbnail-two\">\n\t\t\t\t\t\t\t<img decoding=\"async\" src=\"https:\/\/www.foodieandtraveler.com\/wp-content\/uploads\/2026\/09\/Dreamliner-Take-Off-Air-Europa-Air-Europa-ON-scaled.jpeg\" alt=\"Air Europa anuncia avances significativos en Air Europa ON con beneficios para pasajeros\">\n\t\t\t\t\t\t<\/a>\n\t\t\t\t\t<\/div>\n\t\t\t\t\n\t\t\t\t\t<div class=\"post-grid-content-one post-grid-content-two\">\n\t\t\t\t\t\t\n\t\t\t\t\t\t\t\n\t\t\t\t\t\t\n\t\t\t\t\t\t<h2 class=\"post-title\">\n\t\t\t\t\t\t\t<a href=\"https:\/\/www.foodieandtraveler.com\/index.php\/air-europa-anuncia-avances-significativos-en-air-europa-on-con-beneficios-para-pasajeros\/\">Air Europa anuncia avances significativos en Air Europa ON con beneficios para pasajeros<\/a>\n\t\t\t\t\t\t<\/h2>\n\n\t\t\t\t\t\t\t\t\n\n\n\t\t\t\t\t\t<div class=\"post-meta-items\">\n\t\t\t\t\t\t\n\t\t\t\t\t\t\t\n\t\t\t\t\t\t\n\t\t\t\t\t\t\t\t\t\t\t\t\t<div class=\"date-box\">\n\t\t\t\t\t\t\tseptiembre 2, 2026\t\t\t\t\t\t\t<\/div>\n\t\t\t\t\t\t\t\n\t\t\t\t\t\t\n\t\t\t\t\t\n\t\t\t\t\t\t\t\t\t\t\t\t\n\t\t\t\t\t\t\t\t\t\t\t\t\n\t\t\t\t\t\t\n\t\t\t\t\t\t<\/div>\n\n\t\t\t\t\t<\/div>\n\t\t\t\t\t\n\n\t\t\t\t<\/div>\n\t\t\t\n\t\t\t<\/div>\n\n\n\t\t\t\t\n\t\t    <\/div>\n        <\/div>\n\t\t\n\t\t\t\t\n\t\t\t\t\n\t\n\t\t\t\t\t\t<\/div>\n\t\t\t\t<\/div>\n\t\t\t\t\t<\/div>\n\t\t<\/div>\n\t\t\t\t\t<\/div>\n\t\t<\/section>\n\t\t\t\t<\/div>\n\t\t","protected":false},"excerpt":{"rendered":"<p>Sabores de Helados Bon resaltan dominicanidad en mes de la Patria 28 febrero 2024 Fundaci\u00f3n Gnosis realiza conferencia \u201cLas causas hol\u00edsticas de las enfermedades\u201d 28 febrero 2024 Arajet realiza vuelo hist\u00f3rico entre Puerto Plata y Bogot\u00e1 28 febrero 2024 \ud835\uddd8l duelo y las r\ud835\ude02\ud835\uddfd\ud835\ude01\ud835\ude02\ud835\uddff\ud835\uddee\ud835\ude00 a\ud835\uddfa\ud835\uddfc\ud835\uddff\ud835\uddfc\ud835\ude00\ud835\uddee\ud835\ude00, tema de un cinef\u00f3rum 28 febrero 2024 La segunda edici\u00f3n [&hellip;]<\/p>\n","protected":false},"author":486,"featured_media":0,"parent":0,"menu_order":0,"comment_status":"closed","ping_status":"closed","template":"","meta":{"footnotes":""},"class_list":["post-615","page","type-page","status-publish","hentry"],"_links":{"self":[{"href":"https:\/\/www.foodieandtraveler.com\/index.php\/wp-json\/wp\/v2\/pages\/615","targetHints":{"allow":["GET"]}}],"collection":[{"href":"https:\/\/www.foodieandtraveler.com\/index.php\/wp-json\/wp\/v2\/pages"}],"about":[{"href":"https:\/\/www.foodieandtraveler.com\/index.php\/wp-json\/wp\/v2\/types\/page"}],"author":[{"embeddable":true,"href":"https:\/\/www.foodieandtraveler.com\/index.php\/wp-json\/wp\/v2\/users\/486"}],"replies":[{"embeddable":true,"href":"https:\/\/www.foodieandtraveler.com\/index.php\/wp-json\/wp\/v2\/comments?post=615"}],"version-history":[{"count":0,"href":"https:\/\/www.foodieandtraveler.com\/index.php\/wp-json\/wp\/v2\/pages\/615\/revisions"}],"wp:attachment":[{"href":"https:\/\/www.foodieandtraveler.com\/index.php\/wp-json\/wp\/v2\/media?parent=615"}],"curies":[{"name":"wp","href":"https:\/\/api.w.org\/{rel}","templated":true}]}}